{"id":13986,"date":"2020-12-11T17:40:39","date_gmt":"2020-12-11T17:40:39","guid":{"rendered":"https:\/\/vinselcep.com\/inici-2\/"},"modified":"2023-01-10T10:09:20","modified_gmt":"2023-01-10T09:09:20","slug":"inici-2","status":"publish","type":"page","link":"https:\/\/vinselcep.com\/es\/","title":{"rendered":"Viticultores desde 1448. Vinos y Cavas ecol\u00f3gicos del Pened\u00e8s. (Barcelona)."},"content":{"rendered":"<div class=\"wpb-content-wrapper\"><p>[vc_row row_content_width=\u00bbgrid\u00bb css=\u00bb.vc_custom_1608213106865{padding-top: 50px !important;padding-bottom: 0px !important;}\u00bb][vc_column][vc_row_inner][vc_column_inner offset=\u00bbvc_col-lg-3 vc_col-md-4&#8243;][vc_empty_space][vc_column_text]<\/p>\n<h3 style=\"text-align: center;\">Viticultores<\/h3>\n<h3 style=\"text-align: center;\">desde 1448<\/h3>\n<p>[\/vc_column_text][\/vc_column_inner][vc_column_inner offset=\u00bbvc_col-lg-9 vc_col-md-8&#8243; css=\u00bb.vc_custom_1608209782973{padding-right: 15px !important;padding-bottom: 140px !important;padding-left: 15px !important;}\u00bb][vc_empty_space height=\u00bb15px\u00bb][vc_column_text]<\/p>\n<p style=\"text-align: justify;\">Vins El Cep nace de la uni\u00f3n de cuatro familias de viticultores y cuatro heredades. Elaboradores desde 1980 de vinos y cavas singulares de alta calidad, la expresi\u00f3n de nuestros terru\u00f1os. Situados en els Costers de l\u2019Anoia, en Can Llopart de les Alzines, somos pioneros en viticultura ecol\u00f3gica y biodin\u00e1mica.<\/p>\n<p style=\"text-align: justify;\">Luchamos para conseguir el equilibrio perfecto entre el respeto por la natura y la alta calidad en bodega.<\/p>\n<p>[\/vc_column_text][vc_column_text]<\/p>\n<p style=\"text-align: center;\">Las vi\u00f1as son nuestro patrimonio, las ra\u00edces nuestro paisaje.<\/p>\n<p>[\/vc_column_text][\/vc_column_inner][\/vc_row_inner][vc_separator][\/vc_column][\/vc_row][vc_row row_content_width=\u00bbgrid\u00bb content_text_aligment=\u00bbcenter\u00bb css=\u00bb.vc_custom_1606389026761{padding-top: 100px !important;padding-bottom: 50px !important;}\u00bb][vc_column css=\u00bb.vc_custom_1489652759587{padding-right: 0px !important;padding-left: 0px !important;}\u00bb]<div class=\"eltdf-section-title-holder\" >\n\t\t\t<h2 class=\"eltdf-st-title\" >\n\t\t\t<span>4 familias de viticultores<\/span>\n\t\t<\/h2>\n                    <div class=\"eltdf-st-separator clearfix\">\n                <div class=\"eltdf-separator\" ><\/div>\n            <\/div>\n        \t\t\t\t<h4 class=\"eltdf-st-subtitle\" >\n\t\t<span>Cada semilla representa una de nuestras 4 familias<\/span>\n\t\t<\/h4>\n\t\t<\/div>[vc_empty_space height=\u00bb40px\u00bb][vc_row_inner content_text_aligment=\u00bbleft\u00bb][vc_column_inner width=\u00bb1\/2&#8243; offset=\u00bbvc_col-lg-3 vc_col-md-6&#8243; css=\u00bb.vc_custom_1608209818709{padding-right: 5px !important;padding-left: 5px !important;}\u00bb]<div class=\"eltdf-team-holder  eltdf-main-info-below-image\">\n\t<div class=\"eltdf-team-inner\">\n\t\t\t\t\t<div class=\"eltdf-team-image\">\n                <img fetchpriority=\"high\" decoding=\"async\" width=\"900\" height=\"900\" src=\"https:\/\/vinselcep.com\/wp-content\/uploads\/2020\/12\/vins-el-cep-familia-esteve.jpg\" class=\"attachment-full size-full\" alt=\"```json { &quot;alt&quot;: &quot;Black and white photo of a woman smiling in a field, wearing sunglasses and a striped tank top.&quot;, &quot;title&quot;: &quot;Woman smiling in a field&quot; } ```\" srcset=\"https:\/\/vinselcep.com\/wp-content\/uploads\/2020\/12\/vins-el-cep-familia-esteve.jpg 900w, https:\/\/vinselcep.com\/wp-content\/uploads\/2020\/12\/vins-el-cep-familia-esteve-300x300.jpg 300w, https:\/\/vinselcep.com\/wp-content\/uploads\/2020\/12\/vins-el-cep-familia-esteve-100x100.jpg 100w, https:\/\/vinselcep.com\/wp-content\/uploads\/2020\/12\/vins-el-cep-familia-esteve-800x800.jpg 800w, https:\/\/vinselcep.com\/wp-content\/uploads\/2020\/12\/vins-el-cep-familia-esteve-150x150.jpg 150w, https:\/\/vinselcep.com\/wp-content\/uploads\/2020\/12\/vins-el-cep-familia-esteve-768x768.jpg 768w, https:\/\/vinselcep.com\/wp-content\/uploads\/2020\/12\/vins-el-cep-familia-esteve-550x550.jpg 550w, https:\/\/vinselcep.com\/wp-content\/uploads\/2020\/12\/vins-el-cep-familia-esteve-600x600.jpg 600w\" sizes=\"(max-width: 900px) 100vw, 900px\" \/>\t\t\t<\/div>\n\t\t\t\t<div class=\"eltdf-team-info\">\n\t\t\t\t\t\t\t<h5 class=\"eltdf-team-name\" >Familia Esteve<\/h5>\n\t\t\t\t\t\t\t\t\t\t<h6 class=\"eltdf-team-position\" style=\"color: #b1af6a\">Maite Esteve<\/h6>\n\t\t\t\t\t\t\t\t\t\t\t<\/div>\n\t<\/div>\n<\/div>[vc_empty_space height=\u00bb20px\u00bb][\/vc_column_inner][vc_column_inner width=\u00bb1\/2&#8243; offset=\u00bbvc_col-lg-3 vc_col-md-6&#8243; css=\u00bb.vc_custom_1608209827572{padding-right: 5px !important;padding-left: 5px !important;}\u00bb]<div class=\"eltdf-team-holder  eltdf-main-info-below-image\">\n\t<div class=\"eltdf-team-inner\">\n\t\t\t\t\t<div class=\"eltdf-team-image\">\n                <img decoding=\"async\" width=\"900\" height=\"900\" src=\"https:\/\/vinselcep.com\/wp-content\/uploads\/2020\/11\/vinselcep-familia-parera.jpg\" class=\"attachment-full size-full\" alt=\"Fam\u00edlia Parera\" srcset=\"https:\/\/vinselcep.com\/wp-content\/uploads\/2020\/11\/vinselcep-familia-parera.jpg 900w, https:\/\/vinselcep.com\/wp-content\/uploads\/2020\/11\/vinselcep-familia-parera-300x300.jpg 300w, https:\/\/vinselcep.com\/wp-content\/uploads\/2020\/11\/vinselcep-familia-parera-100x100.jpg 100w, https:\/\/vinselcep.com\/wp-content\/uploads\/2020\/11\/vinselcep-familia-parera-800x800.jpg 800w, https:\/\/vinselcep.com\/wp-content\/uploads\/2020\/11\/vinselcep-familia-parera-150x150.jpg 150w, https:\/\/vinselcep.com\/wp-content\/uploads\/2020\/11\/vinselcep-familia-parera-768x768.jpg 768w, https:\/\/vinselcep.com\/wp-content\/uploads\/2020\/11\/vinselcep-familia-parera-550x550.jpg 550w, https:\/\/vinselcep.com\/wp-content\/uploads\/2020\/11\/vinselcep-familia-parera-600x600.jpg 600w\" sizes=\"(max-width: 900px) 100vw, 900px\" \/>\t\t\t<\/div>\n\t\t\t\t<div class=\"eltdf-team-info\">\n\t\t\t\t\t\t\t<h5 class=\"eltdf-team-name\" >Familia Parera<\/h5>\n\t\t\t\t\t\t\t\t\t\t<h6 class=\"eltdf-team-position\" style=\"color: #b1af6a\">Pere Parera<\/h6>\n\t\t\t\t\t\t\t\t\t\t\t<\/div>\n\t<\/div>\n<\/div>[vc_empty_space height=\u00bb20px\u00bb][\/vc_column_inner][vc_column_inner width=\u00bb1\/2&#8243; offset=\u00bbvc_col-lg-3 vc_col-md-6&#8243; css=\u00bb.vc_custom_1608209835121{padding-right: 5px !important;padding-left: 5px !important;}\u00bb]<div class=\"eltdf-team-holder  eltdf-main-info-below-image\">\n\t<div class=\"eltdf-team-inner\">\n\t\t\t\t\t<div class=\"eltdf-team-image\">\n                <img decoding=\"async\" width=\"900\" height=\"900\" src=\"https:\/\/vinselcep.com\/wp-content\/uploads\/2020\/12\/vins-el-cep-familia-carreras.jpg\" class=\"attachment-full size-full\" alt=\"```json { &quot;alt&quot;: &quot;Person pruning vines in a field under a clear sky.&quot;, &quot;title&quot;: &quot;Pruning Vines in the Field&quot; } ```\" srcset=\"https:\/\/vinselcep.com\/wp-content\/uploads\/2020\/12\/vins-el-cep-familia-carreras.jpg 900w, https:\/\/vinselcep.com\/wp-content\/uploads\/2020\/12\/vins-el-cep-familia-carreras-300x300.jpg 300w, https:\/\/vinselcep.com\/wp-content\/uploads\/2020\/12\/vins-el-cep-familia-carreras-100x100.jpg 100w, https:\/\/vinselcep.com\/wp-content\/uploads\/2020\/12\/vins-el-cep-familia-carreras-800x800.jpg 800w, https:\/\/vinselcep.com\/wp-content\/uploads\/2020\/12\/vins-el-cep-familia-carreras-150x150.jpg 150w, https:\/\/vinselcep.com\/wp-content\/uploads\/2020\/12\/vins-el-cep-familia-carreras-768x768.jpg 768w, https:\/\/vinselcep.com\/wp-content\/uploads\/2020\/12\/vins-el-cep-familia-carreras-550x550.jpg 550w, https:\/\/vinselcep.com\/wp-content\/uploads\/2020\/12\/vins-el-cep-familia-carreras-600x600.jpg 600w\" sizes=\"(max-width: 900px) 100vw, 900px\" \/>\t\t\t<\/div>\n\t\t\t\t<div class=\"eltdf-team-info\">\n\t\t\t\t\t\t\t<h5 class=\"eltdf-team-name\" >Familia Carreras<\/h5>\n\t\t\t\t\t\t\t\t\t\t<h6 class=\"eltdf-team-position\" style=\"color: #b1af6a\">Pilar Carreras<\/h6>\n\t\t\t\t\t\t\t\t\t\t\t<\/div>\n\t<\/div>\n<\/div>[vc_empty_space height=\u00bb20px\u00bb][\/vc_column_inner][vc_column_inner width=\u00bb1\/2&#8243; offset=\u00bbvc_col-lg-3 vc_col-md-6&#8243; css=\u00bb.vc_custom_1608209843102{padding-right: 5px !important;padding-left: 5px !important;}\u00bb]<div class=\"eltdf-team-holder  eltdf-main-info-below-image\">\n\t<div class=\"eltdf-team-inner\">\n\t\t\t\t\t<div class=\"eltdf-team-image\">\n                <img loading=\"lazy\" decoding=\"async\" width=\"900\" height=\"900\" src=\"https:\/\/vinselcep.com\/wp-content\/uploads\/2020\/11\/vinselcep-familia-masana.jpg\" class=\"attachment-full size-full\" alt=\"Fam\u00edlia Massana\" srcset=\"https:\/\/vinselcep.com\/wp-content\/uploads\/2020\/11\/vinselcep-familia-masana.jpg 900w, https:\/\/vinselcep.com\/wp-content\/uploads\/2020\/11\/vinselcep-familia-masana-300x300.jpg 300w, https:\/\/vinselcep.com\/wp-content\/uploads\/2020\/11\/vinselcep-familia-masana-100x100.jpg 100w, https:\/\/vinselcep.com\/wp-content\/uploads\/2020\/11\/vinselcep-familia-masana-800x800.jpg 800w, https:\/\/vinselcep.com\/wp-content\/uploads\/2020\/11\/vinselcep-familia-masana-150x150.jpg 150w, https:\/\/vinselcep.com\/wp-content\/uploads\/2020\/11\/vinselcep-familia-masana-768x768.jpg 768w, https:\/\/vinselcep.com\/wp-content\/uploads\/2020\/11\/vinselcep-familia-masana-550x550.jpg 550w, https:\/\/vinselcep.com\/wp-content\/uploads\/2020\/11\/vinselcep-familia-masana-600x600.jpg 600w\" sizes=\"(max-width: 900px) 100vw, 900px\" \/>\t\t\t<\/div>\n\t\t\t\t<div class=\"eltdf-team-info\">\n\t\t\t\t\t\t\t<h5 class=\"eltdf-team-name\" >Familia Masana<\/h5>\n\t\t\t\t\t\t\t\t\t\t<h6 class=\"eltdf-team-position\" style=\"color: #b1af6a\">Montse y Merc\u00e8 Masana<\/h6>\n\t\t\t\t\t\t\t\t\t\t\t<\/div>\n\t<\/div>\n<\/div>[vc_empty_space height=\u00bb20px\u00bb][\/vc_column_inner][\/vc_row_inner][\/vc_column][\/vc_row][vc_row content_text_aligment=\u00bbcenter\u00bb css=\u00bb.vc_custom_1607949018184{padding-top: 50px !important;padding-bottom: 60px !important;}\u00bb el_class=\u00bbel-nostre-cami\u00bb][vc_column css=\u00bb.vc_custom_1606219159801{margin-right: 0px !important;margin-left: 0px !important;border-right-width: 0px !important;border-left-width: 0px !important;padding-right: 0px !important;padding-left: 0px !important;}\u00bb]<div class=\"eltdf-elements-holder eltdf-responsive-mode-768\" ><div class=\"eltdf-eh-item eltdf-horizontal-alignment-center\" data-item-class=\"eltdf-eh-custom-289318\" data-1280-1600=\"15% 22% 25% 22%\" data-1024-1280=\"15% 22% 25% 22%\" data-768-1024=\"15% 22% 25% 22%\" data-600-768=\"15% 22% 25% 22%\" data-480-600=\"15% 22% 25% 22%\" data-480=\"15% 15% 15% 15%\" >\n\t<div class=\"eltdf-eh-item-inner\" style=\"background-image: url(https:\/\/vinselcep.com\/wp-content\/uploads\/2020\/12\/vins-el-cep-el-nostre-cami.jpg);background-size: cover\">\n\t\t<div class=\"eltdf-eh-item-content eltdf-eh-custom-289318\" style=\"padding: 15% 22% 25% 22%\">\n\t\t\t[vc_empty_space height=\u00bb15px\u00bb]<div class=\"eltdf-section-title-holder\" >\n\t\t\t<h2 class=\"eltdf-st-title\" >\n\t\t\t<span>Nuestro Camino<\/span>\n\t\t<\/h2>\n                    <div class=\"eltdf-st-separator clearfix\">\n                <div class=\"eltdf-separator\" ><\/div>\n            <\/div>\n        \t\t\t<\/div>[vc_column_text]<\/p>\n<p style=\"color: black;\">Las familias Carreras, Esteve, Masana y Parera cont\u00e1bamos con una experiencia centenaria, con una enraizada tradici\u00f3n agr\u00edcola y en la tradici\u00f3n de hacer vino en nuestras mas\u00edas. As\u00ed, en 1980 iniciamos un proyecto en com\u00fan para elaborar vinos y cavas que representen la identidad de nuestros terru\u00f1os.[\/vc_column_text][vc_column_text]<\/p>\n<p style=\"color: black;\">Can Llopart de les Alzines, una finca que data del a\u00f1o 1499 y rodeada de vi\u00f1edos, fue el lugar elegido para construir nuestra bodega.[\/vc_column_text][vc_column_text]<\/p>\n<p style=\"color: black;\">El alma de nuestro proyecto eran \u2013 y siempre ser\u00e1n \u2013 aquellos cuatro amigos y vecinos que acabaron convirti\u00e9ndose en socios. Gil Masana, Josep Carreras, Pere Parera y Josep Esteve, que partiendo de la vocaci\u00f3n, el conocimiento y el amor por la tierra supieron conducirlo hasta ahora.[\/vc_column_text][vc_empty_space height=\u00bb110px\u00bb]\t\t<\/div>\n\t<\/div>\n\t<\/div><\/div>[\/vc_column][\/vc_row][vc_row row_content_width=\u00bbgrid\u00bb css=\u00bb.vc_custom_1608627649019{padding-bottom: 100px !important;}\u00bb][vc_column width=\u00bb1\/2&#8243;][vc_row_inner][vc_column_inner width=\u00bb1\/2&#8243; offset=\u00bbvc_col-lg-6 vc_col-md-6&#8243;][vc_empty_space height=\u00bb45px\u00bb][vc_single_image image=\u00bb13634&#8243; img_size=\u00bbfull\u00bb alignment=\u00bbcenter\u00bb css_animation=\u00bbfadeIn\u00bb el_class=\u00bbvins-home\u00bb][\/vc_column_inner][vc_column_inner width=\u00bb1\/2&#8243;]<div class=\"eltdf-elements-holder eltdf-responsive-mode-768\" ><div class=\"eltdf-eh-item \" data-item-class=\"eltdf-eh-custom-262608\" >\n\t<div class=\"eltdf-eh-item-inner\" >\n\t\t<div class=\"eltdf-eh-item-content eltdf-eh-custom-262608\" >\n\t\t\t[vc_column_text]<\/p>\n<h3 style=\"text-align: center;\">Nuestros cavas<\/h3>\n<p>[\/vc_column_text][vc_column_text]Descubre nuestros cavas ecol\u00f3gicos y biodin\u00e1micos<\/p>\n<p><strong>Clos Gelida 4 Heretats<\/strong><\/p>\n<p>El reflejo de nuestras cuatro heredades. Personalidad y elegancia. Cuatro terru\u00f1os y cuatro variedades con el xarel\u00b7lo como base, fruto de nuestro conocimiento del territorio.[\/vc_column_text][vc_empty_space height=\u00bb27px\u00bb]<a itemprop=\"url\" href=\"https:\/\/vinselcep.com\/es\/colleccio\/#nuestroscavas\" target=\"_self\"  class=\"eltdf-btn eltdf-btn-medium eltdf-btn-outline\"  >\n    <span class=\"eltdf-btn-text\">Todos los Cavas<\/span>\n    <\/a>\t\t<\/div>\n\t<\/div>\n\t<\/div><\/div>[\/vc_column_inner][\/vc_row_inner][\/vc_column][vc_column width=\u00bb1\/2&#8243;][vc_row_inner][vc_column_inner width=\u00bb1\/2&#8243; offset=\u00bbvc_col-lg-6 vc_col-md-6&#8243;][vc_empty_space height=\u00bb45px\u00bb][vc_single_image image=\u00bb13933&#8243; img_size=\u00bbfull\u00bb alignment=\u00bbcenter\u00bb css_animation=\u00bbfadeIn\u00bb el_class=\u00bbvins-home\u00bb][\/vc_column_inner][vc_column_inner width=\u00bb1\/2&#8243;]<div class=\"eltdf-elements-holder eltdf-responsive-mode-768\" ><div class=\"eltdf-eh-item \" data-item-class=\"eltdf-eh-custom-620175\" >\n\t<div class=\"eltdf-eh-item-inner\" >\n\t\t<div class=\"eltdf-eh-item-content eltdf-eh-custom-620175\" >\n\t\t\t[vc_column_text]<\/p>\n<h3 style=\"text-align: center;\">Nuestros vinos<\/h3>\n<p>[\/vc_column_text][vc_column_text]Descubre nuestros vinos ecol\u00f3gicos y biodin\u00e1micos<\/p>\n<p><strong>Clot del Roure<\/strong><\/p>\n<p>Vino de terru\u00f1o de vi\u00f1a vieja, elaborado siguiendo los principios de la agricultura biodin\u00e1mica. Esta vi\u00f1a de 77 a\u00f1os de ra\u00edces profundas y suelo calc\u00e1reo, aporta la m\u00e1xima expresi\u00f3n del xarel\u00b7lo. Pura elegancia y riqueza de matices.[\/vc_column_text][vc_empty_space height=\u00bb27px\u00bb]<a itemprop=\"url\" href=\"https:\/\/vinselcep.com\/es\/colleccio\/#nuestrosvinos\" target=\"_self\"  class=\"eltdf-btn eltdf-btn-medium eltdf-btn-outline\"  >\n    <span class=\"eltdf-btn-text\">Todos los Vinos<\/span>\n    <\/a>\t\t<\/div>\n\t<\/div>\n\t<\/div><\/div>[\/vc_column_inner][\/vc_row_inner][\/vc_column][\/vc_row][vc_row content_text_aligment=\u00bbcenter\u00bb css=\u00bb.vc_custom_1618481989729{padding-bottom: 50px !important;}\u00bb el_class=\u00bbbanner-botiga\u00bb][vc_column][vc_column_text]<\/p>\n<h1 style=\"text-align: center;\"><a href=\"https:\/\/vinselcep.com\/es\/tienda\/\">TIENDA<\/a><\/h1>\n<p>[\/vc_column_text]<div class=\"eltdf-separator-holder clearfix  eltdf-separator-center eltdf-separator-normal\">\n\t<div class=\"eltdf-separator\" style=\"border-color: #c7c7c7;width: 60px\"><\/div>\n<\/div>\n[vc_empty_space height=\u00bb50px\u00bb]<div class=\"eltdf-plc-holder  eltdf-standard-type eltdf-tiny-space  eltdf-plc-nav-default-skin eltdf-plc-pag-bellow-slider eltdf-plc-pag-default-skin\" data-number-of-visible-items=\"5\" data-autoplay=\"yes\" data-autoplay-timeout=\"5000\" data-loop=\"yes\" data-speed=\"650\" data-navigation=\"yes\" data-pagination=\"no\">\n\t<div class=\"eltdf-plc-outer\">\n\t\t\t\t\t<div class=\"eltdf-plc-item\">\n\t\t\t\t\t\t\t\t<div class=\"eltdf-plc-image-outer\">\n\t\t\t\t\t<div class=\"eltdf-plc-image\">\n\t\t\t\t\t\t<img loading=\"lazy\" decoding=\"async\" width=\"800\" height=\"800\" src=\"https:\/\/vinselcep.com\/wp-content\/uploads\/2023\/09\/alzinar_brut_reserva_botiga.jpg\" class=\"attachment-full size-full wp-post-image\" alt=\"\" srcset=\"https:\/\/vinselcep.com\/wp-content\/uploads\/2023\/09\/alzinar_brut_reserva_botiga.jpg 800w, https:\/\/vinselcep.com\/wp-content\/uploads\/2023\/09\/alzinar_brut_reserva_botiga-300x300.jpg 300w, https:\/\/vinselcep.com\/wp-content\/uploads\/2023\/09\/alzinar_brut_reserva_botiga-100x100.jpg 100w, https:\/\/vinselcep.com\/wp-content\/uploads\/2023\/09\/alzinar_brut_reserva_botiga-150x150.jpg 150w, https:\/\/vinselcep.com\/wp-content\/uploads\/2023\/09\/alzinar_brut_reserva_botiga-768x768.jpg 768w, https:\/\/vinselcep.com\/wp-content\/uploads\/2023\/09\/alzinar_brut_reserva_botiga-550x550.jpg 550w, https:\/\/vinselcep.com\/wp-content\/uploads\/2023\/09\/alzinar_brut_reserva_botiga-600x600.jpg 600w\" sizes=\"(max-width: 800px) 100vw, 800px\" \/>\t\t\t\t\t<\/div>\n\t\t\t\t\t\t\t\t\t\t\t<div class=\"eltdf-plc-text\" >\n\t\t\t\t\t\t\t<div class=\"eltdf-plc-text-outer\">\n\t\t\t\t\t\t\t\t<div class=\"eltdf-plc-text-inner\">\n\t\t\t\t\t\t\t\t\t<h4 itemprop=\"name\" class=\"entry-title eltdf-plc-title\" >L&#8217;Alzinar Brut Reserva<\/h4>\t\t\t\t\t\t\t\t\t\t\t\t\t\t\t\t\t\t\t\t\t\t\t\t\t\t\t<div class=\"eltdf-plc-rating-holder\"><div class=\"eltdf-plc-rating\" title=\"Rated 0 out of 5\"><span style=\"width:0%\"><\/span><\/div><\/div>\t\t\t\t\t\t\t\t\t\t\t\t\t\t\t\t\t\t\t\t\t\t\t\t\t\t<\/div>\n\t\t\t\t\t\t\t<\/div>\n\t\t\t\t\t\t<\/div>\n\t\t\t\t\t\t\t\t\t\t<a class=\"eltdf-plc-link\" itemprop=\"url\" href=\"https:\/\/vinselcep.com\/es\/botiga-cava-vins-enoturisme-barcelona\/cava-es\/alzinar-brut-reserva\/\" title=\"L&#8217;Alzinar Brut Reserva\"><\/a>\n\t\t\t\t<\/div>\n\t\t\t\t\t\t\t\t\t\t\t<\/div>\n\t\t\t\t\t<div class=\"eltdf-plc-item\">\n\t\t\t\t\t\t\t\t<div class=\"eltdf-plc-image-outer\">\n\t\t\t\t\t<div class=\"eltdf-plc-image\">\n\t\t\t\t\t\t<img loading=\"lazy\" decoding=\"async\" width=\"800\" height=\"800\" src=\"https:\/\/vinselcep.com\/wp-content\/uploads\/2020\/12\/ot-de-vins-el-cep-blanc-de-terrer-botiga.jpg\" class=\"attachment-full size-full wp-post-image\" alt=\"Ot de Vins el Cep Blanc de Terrer\" srcset=\"https:\/\/vinselcep.com\/wp-content\/uploads\/2020\/12\/ot-de-vins-el-cep-blanc-de-terrer-botiga.jpg 800w, https:\/\/vinselcep.com\/wp-content\/uploads\/2020\/12\/ot-de-vins-el-cep-blanc-de-terrer-botiga-300x300.jpg 300w, https:\/\/vinselcep.com\/wp-content\/uploads\/2020\/12\/ot-de-vins-el-cep-blanc-de-terrer-botiga-100x100.jpg 100w, https:\/\/vinselcep.com\/wp-content\/uploads\/2020\/12\/ot-de-vins-el-cep-blanc-de-terrer-botiga-600x600.jpg 600w, https:\/\/vinselcep.com\/wp-content\/uploads\/2020\/12\/ot-de-vins-el-cep-blanc-de-terrer-botiga-150x150.jpg 150w, https:\/\/vinselcep.com\/wp-content\/uploads\/2020\/12\/ot-de-vins-el-cep-blanc-de-terrer-botiga-768x768.jpg 768w, https:\/\/vinselcep.com\/wp-content\/uploads\/2020\/12\/ot-de-vins-el-cep-blanc-de-terrer-botiga-550x550.jpg 550w\" sizes=\"(max-width: 800px) 100vw, 800px\" \/>\t\t\t\t\t<\/div>\n\t\t\t\t\t\t\t\t\t\t\t<div class=\"eltdf-plc-text\" >\n\t\t\t\t\t\t\t<div class=\"eltdf-plc-text-outer\">\n\t\t\t\t\t\t\t\t<div class=\"eltdf-plc-text-inner\">\n\t\t\t\t\t\t\t\t\t<h4 itemprop=\"name\" class=\"entry-title eltdf-plc-title\" >Ot de Vins El Cep Blanc de Terrer<\/h4>\t\t\t\t\t\t\t\t\t\t\t\t\t\t\t\t\t\t\t\t\t\t\t\t\t\t\t<div class=\"eltdf-plc-rating-holder\"><div class=\"eltdf-plc-rating\" title=\"Rated 0 out of 5\"><span style=\"width:0%\"><\/span><\/div><\/div>\t\t\t\t\t\t\t\t\t\t\t\t\t\t\t\t\t\t\t\t\t\t\t\t\t\t<\/div>\n\t\t\t\t\t\t\t<\/div>\n\t\t\t\t\t\t<\/div>\n\t\t\t\t\t\t\t\t\t\t<a class=\"eltdf-plc-link\" itemprop=\"url\" href=\"https:\/\/vinselcep.com\/es\/botiga-cava-vins-enoturisme-barcelona\/vino-blanco\/ot-blanc-de-terrer\/\" title=\"Ot de Vins El Cep Blanc de Terrer\"><\/a>\n\t\t\t\t<\/div>\n\t\t\t\t\t\t\t\t\t\t\t<\/div>\n\t\t\t\t\t<div class=\"eltdf-plc-item\">\n\t\t\t\t\t\t\t\t<div class=\"eltdf-plc-image-outer\">\n\t\t\t\t\t<div class=\"eltdf-plc-image\">\n\t\t\t\t\t\t<img loading=\"lazy\" decoding=\"async\" width=\"800\" height=\"800\" src=\"https:\/\/vinselcep.com\/wp-content\/uploads\/2017\/03\/claror-canprats-botiga.jpg\" class=\"attachment-full size-full wp-post-image\" alt=\"\" srcset=\"https:\/\/vinselcep.com\/wp-content\/uploads\/2017\/03\/claror-canprats-botiga.jpg 800w, https:\/\/vinselcep.com\/wp-content\/uploads\/2017\/03\/claror-canprats-botiga-300x300.jpg 300w, https:\/\/vinselcep.com\/wp-content\/uploads\/2017\/03\/claror-canprats-botiga-100x100.jpg 100w, https:\/\/vinselcep.com\/wp-content\/uploads\/2017\/03\/claror-canprats-botiga-150x150.jpg 150w, https:\/\/vinselcep.com\/wp-content\/uploads\/2017\/03\/claror-canprats-botiga-768x768.jpg 768w, https:\/\/vinselcep.com\/wp-content\/uploads\/2017\/03\/claror-canprats-botiga-550x550.jpg 550w, https:\/\/vinselcep.com\/wp-content\/uploads\/2017\/03\/claror-canprats-botiga-600x600.jpg 600w\" sizes=\"(max-width: 800px) 100vw, 800px\" \/>\t\t\t\t\t<\/div>\n\t\t\t\t\t\t\t\t\t\t\t<div class=\"eltdf-plc-text\" >\n\t\t\t\t\t\t\t<div class=\"eltdf-plc-text-outer\">\n\t\t\t\t\t\t\t\t<div class=\"eltdf-plc-text-inner\">\n\t\t\t\t\t\t\t\t\t<h4 itemprop=\"name\" class=\"entry-title eltdf-plc-title\" >Claror Paraje Calificado Can Prats<\/h4>\t\t\t\t\t\t\t\t\t\t\t\t\t\t\t\t\t\t\t\t\t\t\t\t\t\t\t<div class=\"eltdf-plc-rating-holder\"><div class=\"eltdf-plc-rating\" title=\"Rated 0 out of 5\"><span style=\"width:0%\"><\/span><\/div><\/div>\t\t\t\t\t\t\t\t\t\t\t\t\t\t\t\t\t\t\t\t\t\t\t\t\t\t<\/div>\n\t\t\t\t\t\t\t<\/div>\n\t\t\t\t\t\t<\/div>\n\t\t\t\t\t\t\t\t\t\t<a class=\"eltdf-plc-link\" itemprop=\"url\" href=\"https:\/\/vinselcep.com\/es\/botiga-cava-vins-enoturisme-barcelona\/cava-es\/comprar-cava-claror\/\" title=\"Claror Paraje Calificado Can Prats\"><\/a>\n\t\t\t\t<\/div>\n\t\t\t\t\t\t\t\t\t\t\t<\/div>\n\t\t\t\t\t<div class=\"eltdf-plc-item\">\n\t\t\t\t\t\t\t\t<div class=\"eltdf-plc-image-outer\">\n\t\t\t\t\t<div class=\"eltdf-plc-image\">\n\t\t\t\t\t\t<img loading=\"lazy\" decoding=\"async\" width=\"800\" height=\"800\" src=\"https:\/\/vinselcep.com\/wp-content\/uploads\/2023\/09\/mim_natura_blanc_noirs_botiga.jpg\" class=\"attachment-full size-full wp-post-image\" alt=\"\" srcset=\"https:\/\/vinselcep.com\/wp-content\/uploads\/2023\/09\/mim_natura_blanc_noirs_botiga.jpg 800w, https:\/\/vinselcep.com\/wp-content\/uploads\/2023\/09\/mim_natura_blanc_noirs_botiga-300x300.jpg 300w, https:\/\/vinselcep.com\/wp-content\/uploads\/2023\/09\/mim_natura_blanc_noirs_botiga-100x100.jpg 100w, https:\/\/vinselcep.com\/wp-content\/uploads\/2023\/09\/mim_natura_blanc_noirs_botiga-150x150.jpg 150w, https:\/\/vinselcep.com\/wp-content\/uploads\/2023\/09\/mim_natura_blanc_noirs_botiga-768x768.jpg 768w, https:\/\/vinselcep.com\/wp-content\/uploads\/2023\/09\/mim_natura_blanc_noirs_botiga-550x550.jpg 550w, https:\/\/vinselcep.com\/wp-content\/uploads\/2023\/09\/mim_natura_blanc_noirs_botiga-600x600.jpg 600w\" sizes=\"(max-width: 800px) 100vw, 800px\" \/>\t\t\t\t\t<\/div>\n\t\t\t\t\t\t\t\t\t\t\t<div class=\"eltdf-plc-text\" >\n\t\t\t\t\t\t\t<div class=\"eltdf-plc-text-outer\">\n\t\t\t\t\t\t\t\t<div class=\"eltdf-plc-text-inner\">\n\t\t\t\t\t\t\t\t\t<h4 itemprop=\"name\" class=\"entry-title eltdf-plc-title\" >Mim Natura Blanc de Noirs<\/h4>\t\t\t\t\t\t\t\t\t\t\t\t\t\t\t\t\t\t\t\t\t\t\t\t\t\t\t<div class=\"eltdf-plc-rating-holder\"><div class=\"eltdf-plc-rating\" title=\"Rated 0 out of 5\"><span style=\"width:0%\"><\/span><\/div><\/div>\t\t\t\t\t\t\t\t\t\t\t\t\t\t\t\t\t\t\t\t\t\t\t\t\t\t<\/div>\n\t\t\t\t\t\t\t<\/div>\n\t\t\t\t\t\t<\/div>\n\t\t\t\t\t\t\t\t\t\t<a class=\"eltdf-plc-link\" itemprop=\"url\" href=\"https:\/\/vinselcep.com\/es\/botiga-cava-vins-enoturisme-barcelona\/cava-es\/mim-natura-blanc-de-noirs\/\" title=\"Mim Natura Blanc de Noirs\"><\/a>\n\t\t\t\t<\/div>\n\t\t\t\t\t\t\t\t\t\t\t<\/div>\n\t\t\t\t\t<div class=\"eltdf-plc-item\">\n\t\t\t\t\t\t\t\t<div class=\"eltdf-plc-image-outer\">\n\t\t\t\t\t<div class=\"eltdf-plc-image\">\n\t\t\t\t\t\t<img loading=\"lazy\" decoding=\"async\" width=\"800\" height=\"800\" src=\"https:\/\/vinselcep.com\/wp-content\/uploads\/2017\/03\/mim_natura_brut_reserva_natura\u2013botiga.jpg\" class=\"attachment-full size-full wp-post-image\" alt=\"\" srcset=\"https:\/\/vinselcep.com\/wp-content\/uploads\/2017\/03\/mim_natura_brut_reserva_natura\u2013botiga.jpg 800w, https:\/\/vinselcep.com\/wp-content\/uploads\/2017\/03\/mim_natura_brut_reserva_natura\u2013botiga-300x300.jpg 300w, https:\/\/vinselcep.com\/wp-content\/uploads\/2017\/03\/mim_natura_brut_reserva_natura\u2013botiga-100x100.jpg 100w, https:\/\/vinselcep.com\/wp-content\/uploads\/2017\/03\/mim_natura_brut_reserva_natura\u2013botiga-150x150.jpg 150w, https:\/\/vinselcep.com\/wp-content\/uploads\/2017\/03\/mim_natura_brut_reserva_natura\u2013botiga-768x768.jpg 768w, https:\/\/vinselcep.com\/wp-content\/uploads\/2017\/03\/mim_natura_brut_reserva_natura\u2013botiga-550x550.jpg 550w, https:\/\/vinselcep.com\/wp-content\/uploads\/2017\/03\/mim_natura_brut_reserva_natura\u2013botiga-600x600.jpg 600w\" sizes=\"(max-width: 800px) 100vw, 800px\" \/>\t\t\t\t\t<\/div>\n\t\t\t\t\t\t\t\t\t\t\t<div class=\"eltdf-plc-text\" >\n\t\t\t\t\t\t\t<div class=\"eltdf-plc-text-outer\">\n\t\t\t\t\t\t\t\t<div class=\"eltdf-plc-text-inner\">\n\t\t\t\t\t\t\t\t\t<h4 itemprop=\"name\" class=\"entry-title eltdf-plc-title\" >Mim Natura Brut Nature Reserva<\/h4>\t\t\t\t\t\t\t\t\t\t\t\t\t\t\t\t\t\t\t\t\t\t\t\t\t\t\t<div class=\"eltdf-plc-rating-holder\"><div class=\"eltdf-plc-rating\" title=\"Rated 0 out of 5\"><span style=\"width:0%\"><\/span><\/div><\/div>\t\t\t\t\t\t\t\t\t\t\t\t\t\t\t\t\t\t\t\t\t\t\t\t\t\t<\/div>\n\t\t\t\t\t\t\t<\/div>\n\t\t\t\t\t\t<\/div>\n\t\t\t\t\t\t\t\t\t\t<a class=\"eltdf-plc-link\" itemprop=\"url\" href=\"https:\/\/vinselcep.com\/es\/botiga-cava-vins-enoturisme-barcelona\/cava-es\/mim-natura-brut-nature-reserva\/\" title=\"Mim Natura Brut Nature Reserva\"><\/a>\n\t\t\t\t<\/div>\n\t\t\t\t\t\t\t\t\t\t\t<\/div>\n\t\t\t\t\t<div class=\"eltdf-plc-item\">\n\t\t\t\t\t\t\t\t<div class=\"eltdf-plc-image-outer\">\n\t\t\t\t\t<div class=\"eltdf-plc-image\">\n\t\t\t\t\t\t<img loading=\"lazy\" decoding=\"async\" width=\"800\" height=\"800\" src=\"https:\/\/vinselcep.com\/wp-content\/uploads\/2023\/09\/mim_natura_brut_reserva_botiga.jpg.jpg\" class=\"attachment-full size-full wp-post-image\" alt=\"\" srcset=\"https:\/\/vinselcep.com\/wp-content\/uploads\/2023\/09\/mim_natura_brut_reserva_botiga.jpg.jpg 800w, https:\/\/vinselcep.com\/wp-content\/uploads\/2023\/09\/mim_natura_brut_reserva_botiga.jpg-300x300.jpg 300w, https:\/\/vinselcep.com\/wp-content\/uploads\/2023\/09\/mim_natura_brut_reserva_botiga.jpg-100x100.jpg 100w, https:\/\/vinselcep.com\/wp-content\/uploads\/2023\/09\/mim_natura_brut_reserva_botiga.jpg-150x150.jpg 150w, https:\/\/vinselcep.com\/wp-content\/uploads\/2023\/09\/mim_natura_brut_reserva_botiga.jpg-768x768.jpg 768w, https:\/\/vinselcep.com\/wp-content\/uploads\/2023\/09\/mim_natura_brut_reserva_botiga.jpg-550x550.jpg 550w, https:\/\/vinselcep.com\/wp-content\/uploads\/2023\/09\/mim_natura_brut_reserva_botiga.jpg-600x600.jpg 600w\" sizes=\"(max-width: 800px) 100vw, 800px\" \/>\t\t\t\t\t<\/div>\n\t\t\t\t\t\t\t\t\t\t\t<div class=\"eltdf-plc-text\" >\n\t\t\t\t\t\t\t<div class=\"eltdf-plc-text-outer\">\n\t\t\t\t\t\t\t\t<div class=\"eltdf-plc-text-inner\">\n\t\t\t\t\t\t\t\t\t<h4 itemprop=\"name\" class=\"entry-title eltdf-plc-title\" >Mim Natura Brut Reserva<\/h4>\t\t\t\t\t\t\t\t\t\t\t\t\t\t\t\t\t\t\t\t\t\t\t\t\t\t\t<div class=\"eltdf-plc-rating-holder\"><div class=\"eltdf-plc-rating\" title=\"Rated 0 out of 5\"><span style=\"width:0%\"><\/span><\/div><\/div>\t\t\t\t\t\t\t\t\t\t\t\t\t\t\t\t\t\t\t\t\t\t\t\t\t\t<\/div>\n\t\t\t\t\t\t\t<\/div>\n\t\t\t\t\t\t<\/div>\n\t\t\t\t\t\t\t\t\t\t<a class=\"eltdf-plc-link\" itemprop=\"url\" href=\"https:\/\/vinselcep.com\/es\/botiga-cava-vins-enoturisme-barcelona\/cava-es\/mim-natura-brut-reserva\/\" title=\"Mim Natura Brut Reserva\"><\/a>\n\t\t\t\t<\/div>\n\t\t\t\t\t\t\t\t\t\t\t<\/div>\n\t\t\t\t\t<div class=\"eltdf-plc-item\">\n\t\t\t\t\t\t\t\t<div class=\"eltdf-plc-image-outer\">\n\t\t\t\t\t<div class=\"eltdf-plc-image\">\n\t\t\t\t\t\t<img loading=\"lazy\" decoding=\"async\" width=\"800\" height=\"800\" src=\"https:\/\/vinselcep.com\/wp-content\/uploads\/2017\/03\/Mimpinot_web.jpg\" class=\"attachment-full size-full wp-post-image\" alt=\"\" srcset=\"https:\/\/vinselcep.com\/wp-content\/uploads\/2017\/03\/Mimpinot_web.jpg 800w, https:\/\/vinselcep.com\/wp-content\/uploads\/2017\/03\/Mimpinot_web-300x300.jpg 300w, https:\/\/vinselcep.com\/wp-content\/uploads\/2017\/03\/Mimpinot_web-100x100.jpg 100w, https:\/\/vinselcep.com\/wp-content\/uploads\/2017\/03\/Mimpinot_web-150x150.jpg 150w, https:\/\/vinselcep.com\/wp-content\/uploads\/2017\/03\/Mimpinot_web-768x768.jpg 768w, https:\/\/vinselcep.com\/wp-content\/uploads\/2017\/03\/Mimpinot_web-550x550.jpg 550w, https:\/\/vinselcep.com\/wp-content\/uploads\/2017\/03\/Mimpinot_web-600x600.jpg 600w\" sizes=\"(max-width: 800px) 100vw, 800px\" \/>\t\t\t\t\t<\/div>\n\t\t\t\t\t\t\t\t\t\t\t<div class=\"eltdf-plc-text\" >\n\t\t\t\t\t\t\t<div class=\"eltdf-plc-text-outer\">\n\t\t\t\t\t\t\t\t<div class=\"eltdf-plc-text-inner\">\n\t\t\t\t\t\t\t\t\t<h4 itemprop=\"name\" class=\"entry-title eltdf-plc-title\" >Mim Natura Pinot Noir<\/h4>\t\t\t\t\t\t\t\t\t\t\t\t\t\t\t\t\t\t\t\t\t\t\t\t\t\t\t<div class=\"eltdf-plc-rating-holder\"><div class=\"eltdf-plc-rating\" title=\"Rated 0 out of 5\"><span style=\"width:0%\"><\/span><\/div><\/div>\t\t\t\t\t\t\t\t\t\t\t\t\t\t\t\t\t\t\t\t\t\t\t\t\t\t<\/div>\n\t\t\t\t\t\t\t<\/div>\n\t\t\t\t\t\t<\/div>\n\t\t\t\t\t\t\t\t\t\t<a class=\"eltdf-plc-link\" itemprop=\"url\" href=\"https:\/\/vinselcep.com\/es\/botiga-cava-vins-enoturisme-barcelona\/cava-es\/mim-natura-pinot-noir-brut-reserva\/\" title=\"Mim Natura Pinot Noir\"><\/a>\n\t\t\t\t<\/div>\n\t\t\t\t\t\t\t\t\t\t\t<\/div>\n\t\t\t\t\t<div class=\"eltdf-plc-item\">\n\t\t\t\t\t\t\t\t<div class=\"eltdf-plc-image-outer\">\n\t\t\t\t\t<div class=\"eltdf-plc-image\">\n\t\t\t\t\t\t<img loading=\"lazy\" decoding=\"async\" width=\"800\" height=\"800\" src=\"https:\/\/vinselcep.com\/wp-content\/uploads\/2017\/03\/4heretats_web.jpg\" class=\"attachment-full size-full wp-post-image\" alt=\"\" srcset=\"https:\/\/vinselcep.com\/wp-content\/uploads\/2017\/03\/4heretats_web.jpg 800w, https:\/\/vinselcep.com\/wp-content\/uploads\/2017\/03\/4heretats_web-300x300.jpg 300w, https:\/\/vinselcep.com\/wp-content\/uploads\/2017\/03\/4heretats_web-100x100.jpg 100w, https:\/\/vinselcep.com\/wp-content\/uploads\/2017\/03\/4heretats_web-150x150.jpg 150w, https:\/\/vinselcep.com\/wp-content\/uploads\/2017\/03\/4heretats_web-768x768.jpg 768w, https:\/\/vinselcep.com\/wp-content\/uploads\/2017\/03\/4heretats_web-550x550.jpg 550w, https:\/\/vinselcep.com\/wp-content\/uploads\/2017\/03\/4heretats_web-600x600.jpg 600w\" sizes=\"(max-width: 800px) 100vw, 800px\" \/>\t\t\t\t\t<\/div>\n\t\t\t\t\t\t\t\t\t\t\t<div class=\"eltdf-plc-text\" >\n\t\t\t\t\t\t\t<div class=\"eltdf-plc-text-outer\">\n\t\t\t\t\t\t\t\t<div class=\"eltdf-plc-text-inner\">\n\t\t\t\t\t\t\t\t\t<h4 itemprop=\"name\" class=\"entry-title eltdf-plc-title\" >Clos Gelida 4 Heretats<\/h4>\t\t\t\t\t\t\t\t\t\t\t\t\t\t\t\t\t\t\t\t\t\t\t\t\t\t\t<div class=\"eltdf-plc-rating-holder\"><div class=\"eltdf-plc-rating\" title=\"Rated 0 out of 5\"><span style=\"width:0%\"><\/span><\/div><\/div>\t\t\t\t\t\t\t\t\t\t\t\t\t\t\t\t\t\t\t\t\t\t\t\t\t\t<\/div>\n\t\t\t\t\t\t\t<\/div>\n\t\t\t\t\t\t<\/div>\n\t\t\t\t\t\t\t\t\t\t<a class=\"eltdf-plc-link\" itemprop=\"url\" href=\"https:\/\/vinselcep.com\/es\/botiga-cava-vins-enoturisme-barcelona\/cava-es\/clos-gelida-4-heretats\/\" title=\"Clos Gelida 4 Heretats\"><\/a>\n\t\t\t\t<\/div>\n\t\t\t\t\t\t\t\t\t\t\t<\/div>\n\t\t\t\t\t<div class=\"eltdf-plc-item\">\n\t\t\t\t\t\t\t\t<div class=\"eltdf-plc-image-outer\">\n\t\t\t\t\t<div class=\"eltdf-plc-image\">\n\t\t\t\t\t\t<img loading=\"lazy\" decoding=\"async\" width=\"800\" height=\"800\" src=\"https:\/\/vinselcep.com\/wp-content\/uploads\/2023\/09\/alzinar_brut_nature_reserva_botiga.jpg\" class=\"attachment-full size-full wp-post-image\" alt=\"\" srcset=\"https:\/\/vinselcep.com\/wp-content\/uploads\/2023\/09\/alzinar_brut_nature_reserva_botiga.jpg 800w, https:\/\/vinselcep.com\/wp-content\/uploads\/2023\/09\/alzinar_brut_nature_reserva_botiga-300x300.jpg 300w, https:\/\/vinselcep.com\/wp-content\/uploads\/2023\/09\/alzinar_brut_nature_reserva_botiga-100x100.jpg 100w, https:\/\/vinselcep.com\/wp-content\/uploads\/2023\/09\/alzinar_brut_nature_reserva_botiga-150x150.jpg 150w, https:\/\/vinselcep.com\/wp-content\/uploads\/2023\/09\/alzinar_brut_nature_reserva_botiga-768x768.jpg 768w, https:\/\/vinselcep.com\/wp-content\/uploads\/2023\/09\/alzinar_brut_nature_reserva_botiga-550x550.jpg 550w, https:\/\/vinselcep.com\/wp-content\/uploads\/2023\/09\/alzinar_brut_nature_reserva_botiga-600x600.jpg 600w\" sizes=\"(max-width: 800px) 100vw, 800px\" \/>\t\t\t\t\t<\/div>\n\t\t\t\t\t\t\t\t\t\t\t<div class=\"eltdf-plc-text\" >\n\t\t\t\t\t\t\t<div class=\"eltdf-plc-text-outer\">\n\t\t\t\t\t\t\t\t<div class=\"eltdf-plc-text-inner\">\n\t\t\t\t\t\t\t\t\t<h4 itemprop=\"name\" class=\"entry-title eltdf-plc-title\" >L&#8217;Alzinar Brut Nature Reserva<\/h4>\t\t\t\t\t\t\t\t\t\t\t\t\t\t\t\t\t\t\t\t\t\t\t\t\t\t\t<div class=\"eltdf-plc-rating-holder\"><div class=\"eltdf-plc-rating\" title=\"Rated 0 out of 5\"><span style=\"width:0%\"><\/span><\/div><\/div>\t\t\t\t\t\t\t\t\t\t\t\t\t\t\t\t\t\t\t\t\t\t\t\t\t\t<\/div>\n\t\t\t\t\t\t\t<\/div>\n\t\t\t\t\t\t<\/div>\n\t\t\t\t\t\t\t\t\t\t<a class=\"eltdf-plc-link\" itemprop=\"url\" href=\"https:\/\/vinselcep.com\/es\/botiga-cava-vins-enoturisme-barcelona\/cava-es\/alzinar-brut-nature-reserva\/\" title=\"L&#8217;Alzinar Brut Nature Reserva\"><\/a>\n\t\t\t\t<\/div>\n\t\t\t\t\t\t\t\t\t\t\t<\/div>\n\t\t\t\t\t<div class=\"eltdf-plc-item\">\n\t\t\t\t\t\t\t\t<div class=\"eltdf-plc-image-outer\">\n\t\t\t\t\t<div class=\"eltdf-plc-image\">\n\t\t\t\t\t\t<img loading=\"lazy\" decoding=\"async\" width=\"800\" height=\"800\" src=\"https:\/\/vinselcep.com\/wp-content\/uploads\/2017\/03\/gr5-senders-negre-botiga-600x600-1.jpg\" class=\"attachment-full size-full wp-post-image\" alt=\"\" srcset=\"https:\/\/vinselcep.com\/wp-content\/uploads\/2017\/03\/gr5-senders-negre-botiga-600x600-1.jpg 800w, https:\/\/vinselcep.com\/wp-content\/uploads\/2017\/03\/gr5-senders-negre-botiga-600x600-1-300x300.jpg 300w, https:\/\/vinselcep.com\/wp-content\/uploads\/2017\/03\/gr5-senders-negre-botiga-600x600-1-100x100.jpg 100w, https:\/\/vinselcep.com\/wp-content\/uploads\/2017\/03\/gr5-senders-negre-botiga-600x600-1-150x150.jpg 150w, https:\/\/vinselcep.com\/wp-content\/uploads\/2017\/03\/gr5-senders-negre-botiga-600x600-1-768x768.jpg 768w, https:\/\/vinselcep.com\/wp-content\/uploads\/2017\/03\/gr5-senders-negre-botiga-600x600-1-550x550.jpg 550w, https:\/\/vinselcep.com\/wp-content\/uploads\/2017\/03\/gr5-senders-negre-botiga-600x600-1-600x600.jpg 600w\" sizes=\"(max-width: 800px) 100vw, 800px\" \/>\t\t\t\t\t<\/div>\n\t\t\t\t\t\t\t\t\t\t\t<div class=\"eltdf-plc-text\" >\n\t\t\t\t\t\t\t<div class=\"eltdf-plc-text-outer\">\n\t\t\t\t\t\t\t\t<div class=\"eltdf-plc-text-inner\">\n\t\t\t\t\t\t\t\t\t<h4 itemprop=\"name\" class=\"entry-title eltdf-plc-title\" >Gr5 Senders Negre de Terrer<\/h4>\t\t\t\t\t\t\t\t\t\t\t\t\t\t\t\t\t\t\t\t\t\t\t\t\t\t\t<div class=\"eltdf-plc-rating-holder\"><div class=\"eltdf-plc-rating\" title=\"Rated 0 out of 5\"><span style=\"width:0%\"><\/span><\/div><\/div>\t\t\t\t\t\t\t\t\t\t\t\t\t\t\t\t\t\t\t\t\t\t\t\t\t\t<\/div>\n\t\t\t\t\t\t\t<\/div>\n\t\t\t\t\t\t<\/div>\n\t\t\t\t\t\t\t\t\t\t<a class=\"eltdf-plc-link\" itemprop=\"url\" href=\"https:\/\/vinselcep.com\/es\/botiga-cava-vins-enoturisme-barcelona\/vino-tinto\/gr5-senders-negre-de-terrer\/\" title=\"Gr5 Senders Negre de Terrer\"><\/a>\n\t\t\t\t<\/div>\n\t\t\t\t\t\t\t\t\t\t\t<\/div>\n\t\t\t\t\t<div class=\"eltdf-plc-item\">\n\t\t\t\t\t\t\t\t<div class=\"eltdf-plc-image-outer\">\n\t\t\t\t\t<div class=\"eltdf-plc-image\">\n\t\t\t\t\t\t<img loading=\"lazy\" decoding=\"async\" width=\"800\" height=\"800\" src=\"https:\/\/vinselcep.com\/wp-content\/uploads\/2020\/12\/clot-del-roure-botiga.jpg\" class=\"attachment-full size-full wp-post-image\" alt=\"Clot del Roure\" srcset=\"https:\/\/vinselcep.com\/wp-content\/uploads\/2020\/12\/clot-del-roure-botiga.jpg 800w, https:\/\/vinselcep.com\/wp-content\/uploads\/2020\/12\/clot-del-roure-botiga-300x300.jpg 300w, https:\/\/vinselcep.com\/wp-content\/uploads\/2020\/12\/clot-del-roure-botiga-100x100.jpg 100w, https:\/\/vinselcep.com\/wp-content\/uploads\/2020\/12\/clot-del-roure-botiga-600x600.jpg 600w, https:\/\/vinselcep.com\/wp-content\/uploads\/2020\/12\/clot-del-roure-botiga-150x150.jpg 150w, https:\/\/vinselcep.com\/wp-content\/uploads\/2020\/12\/clot-del-roure-botiga-768x768.jpg 768w, https:\/\/vinselcep.com\/wp-content\/uploads\/2020\/12\/clot-del-roure-botiga-550x550.jpg 550w\" sizes=\"(max-width: 800px) 100vw, 800px\" \/>\t\t\t\t\t<\/div>\n\t\t\t\t\t\t\t\t\t\t\t<div class=\"eltdf-plc-text\" >\n\t\t\t\t\t\t\t<div class=\"eltdf-plc-text-outer\">\n\t\t\t\t\t\t\t\t<div class=\"eltdf-plc-text-inner\">\n\t\t\t\t\t\t\t\t\t<h4 itemprop=\"name\" class=\"entry-title eltdf-plc-title\" >Clot del Roure<\/h4>\t\t\t\t\t\t\t\t\t\t\t\t\t\t\t\t\t\t\t\t\t\t\t\t\t\t\t<div class=\"eltdf-plc-rating-holder\"><div class=\"eltdf-plc-rating\" title=\"Rated 0 out of 5\"><span style=\"width:0%\"><\/span><\/div><\/div>\t\t\t\t\t\t\t\t\t\t\t\t\t\t\t\t\t\t\t\t\t\t\t\t\t\t<\/div>\n\t\t\t\t\t\t\t<\/div>\n\t\t\t\t\t\t<\/div>\n\t\t\t\t\t\t\t\t\t\t<a class=\"eltdf-plc-link\" itemprop=\"url\" href=\"https:\/\/vinselcep.com\/es\/botiga-cava-vins-enoturisme-barcelona\/vino-blanco\/clot-del-roure\/\" title=\"Clot del Roure\"><\/a>\n\t\t\t\t<\/div>\n\t\t\t\t\t\t\t\t\t\t\t<\/div>\n\t\t\t\t\t<div class=\"eltdf-plc-item\">\n\t\t\t\t\t\t\t\t<div class=\"eltdf-plc-image-outer\">\n\t\t\t\t\t<div class=\"eltdf-plc-image\">\n\t\t\t\t\t\t<img loading=\"lazy\" decoding=\"async\" width=\"800\" height=\"800\" src=\"https:\/\/vinselcep.com\/wp-content\/uploads\/2017\/03\/brisats_web.jpg\" class=\"attachment-full size-full wp-post-image\" alt=\"\" srcset=\"https:\/\/vinselcep.com\/wp-content\/uploads\/2017\/03\/brisats_web.jpg 800w, https:\/\/vinselcep.com\/wp-content\/uploads\/2017\/03\/brisats_web-300x300.jpg 300w, https:\/\/vinselcep.com\/wp-content\/uploads\/2017\/03\/brisats_web-100x100.jpg 100w, https:\/\/vinselcep.com\/wp-content\/uploads\/2017\/03\/brisats_web-150x150.jpg 150w, https:\/\/vinselcep.com\/wp-content\/uploads\/2017\/03\/brisats_web-768x768.jpg 768w, https:\/\/vinselcep.com\/wp-content\/uploads\/2017\/03\/brisats_web-550x550.jpg 550w, https:\/\/vinselcep.com\/wp-content\/uploads\/2017\/03\/brisats_web-600x600.jpg 600w\" sizes=\"(max-width: 800px) 100vw, 800px\" \/>\t\t\t\t\t<\/div>\n\t\t\t\t\t\t\t\t\t\t\t<div class=\"eltdf-plc-text\" >\n\t\t\t\t\t\t\t<div class=\"eltdf-plc-text-outer\">\n\t\t\t\t\t\t\t\t<div class=\"eltdf-plc-text-inner\">\n\t\t\t\t\t\t\t\t\t<h4 itemprop=\"name\" class=\"entry-title eltdf-plc-title\" >Brisats<\/h4>\t\t\t\t\t\t\t\t\t\t\t\t\t\t\t\t\t\t\t\t\t\t\t\t\t\t\t<div class=\"eltdf-plc-rating-holder\"><div class=\"eltdf-plc-rating\" title=\"Rated 0 out of 5\"><span style=\"width:0%\"><\/span><\/div><\/div>\t\t\t\t\t\t\t\t\t\t\t\t\t\t\t\t\t\t\t\t\t\t\t\t\t\t<\/div>\n\t\t\t\t\t\t\t<\/div>\n\t\t\t\t\t\t<\/div>\n\t\t\t\t\t\t\t\t\t\t<a class=\"eltdf-plc-link\" itemprop=\"url\" href=\"https:\/\/vinselcep.com\/es\/botiga-cava-vins-enoturisme-barcelona\/vino-blanco\/clot-del-roure-brisat\/\" title=\"Brisats\"><\/a>\n\t\t\t\t<\/div>\n\t\t\t\t\t\t\t\t\t\t\t<\/div>\n\t\t\t\t\t<div class=\"eltdf-plc-item\">\n\t\t\t\t\t\t\t\t<div class=\"eltdf-plc-image-outer\">\n\t\t\t\t\t<div class=\"eltdf-plc-image\">\n\t\t\t\t\t\t<img loading=\"lazy\" decoding=\"async\" width=\"768\" height=\"768\" src=\"https:\/\/vinselcep.com\/wp-content\/uploads\/2022\/11\/Raco-de-Camps.jpg\" class=\"attachment-full size-full wp-post-image\" alt=\"\" srcset=\"https:\/\/vinselcep.com\/wp-content\/uploads\/2022\/11\/Raco-de-Camps.jpg 768w, https:\/\/vinselcep.com\/wp-content\/uploads\/2022\/11\/Raco-de-Camps-300x300.jpg 300w, https:\/\/vinselcep.com\/wp-content\/uploads\/2022\/11\/Raco-de-Camps-100x100.jpg 100w, https:\/\/vinselcep.com\/wp-content\/uploads\/2022\/11\/Raco-de-Camps-600x600.jpg 600w, https:\/\/vinselcep.com\/wp-content\/uploads\/2022\/11\/Raco-de-Camps-150x150.jpg 150w, https:\/\/vinselcep.com\/wp-content\/uploads\/2022\/11\/Raco-de-Camps-550x550.jpg 550w\" sizes=\"(max-width: 768px) 100vw, 768px\" \/>\t\t\t\t\t<\/div>\n\t\t\t\t\t\t\t\t\t\t\t<div class=\"eltdf-plc-text\" >\n\t\t\t\t\t\t\t<div class=\"eltdf-plc-text-outer\">\n\t\t\t\t\t\t\t\t<div class=\"eltdf-plc-text-inner\">\n\t\t\t\t\t\t\t\t\t<h4 itemprop=\"name\" class=\"entry-title eltdf-plc-title\" >Rac\u00f3 de Camps<\/h4>\t\t\t\t\t\t\t\t\t\t\t\t\t\t\t\t\t\t\t\t\t\t\t\t\t\t\t<div class=\"eltdf-plc-rating-holder\"><div class=\"eltdf-plc-rating\" title=\"Rated 0 out of 5\"><span style=\"width:0%\"><\/span><\/div><\/div>\t\t\t\t\t\t\t\t\t\t\t\t\t\t\t\t\t\t\t\t\t\t\t\t\t\t<\/div>\n\t\t\t\t\t\t\t<\/div>\n\t\t\t\t\t\t<\/div>\n\t\t\t\t\t\t\t\t\t\t<a class=\"eltdf-plc-link\" itemprop=\"url\" href=\"https:\/\/vinselcep.com\/es\/botiga-cava-vins-enoturisme-barcelona\/vino-tinto\/raco-de-camps\/\" title=\"Rac\u00f3 de Camps\"><\/a>\n\t\t\t\t<\/div>\n\t\t\t\t\t\t\t\t\t\t\t<\/div>\n\t\t\t\t\t<div class=\"eltdf-plc-item\">\n\t\t\t\t\t\t\t\t<div class=\"eltdf-plc-image-outer\">\n\t\t\t\t\t<div class=\"eltdf-plc-image\">\n\t\t\t\t\t\t<img loading=\"lazy\" decoding=\"async\" width=\"800\" height=\"800\" src=\"https:\/\/vinselcep.com\/wp-content\/uploads\/2017\/03\/gr5-senders-xarello-botiga-600x600-1.jpg\" class=\"attachment-full size-full wp-post-image\" alt=\"\" srcset=\"https:\/\/vinselcep.com\/wp-content\/uploads\/2017\/03\/gr5-senders-xarello-botiga-600x600-1.jpg 800w, https:\/\/vinselcep.com\/wp-content\/uploads\/2017\/03\/gr5-senders-xarello-botiga-600x600-1-300x300.jpg 300w, https:\/\/vinselcep.com\/wp-content\/uploads\/2017\/03\/gr5-senders-xarello-botiga-600x600-1-100x100.jpg 100w, https:\/\/vinselcep.com\/wp-content\/uploads\/2017\/03\/gr5-senders-xarello-botiga-600x600-1-150x150.jpg 150w, https:\/\/vinselcep.com\/wp-content\/uploads\/2017\/03\/gr5-senders-xarello-botiga-600x600-1-768x768.jpg 768w, https:\/\/vinselcep.com\/wp-content\/uploads\/2017\/03\/gr5-senders-xarello-botiga-600x600-1-550x550.jpg 550w, https:\/\/vinselcep.com\/wp-content\/uploads\/2017\/03\/gr5-senders-xarello-botiga-600x600-1-600x600.jpg 600w\" sizes=\"(max-width: 800px) 100vw, 800px\" \/>\t\t\t\t\t<\/div>\n\t\t\t\t\t\t\t\t\t\t\t<div class=\"eltdf-plc-text\" >\n\t\t\t\t\t\t\t<div class=\"eltdf-plc-text-outer\">\n\t\t\t\t\t\t\t\t<div class=\"eltdf-plc-text-inner\">\n\t\t\t\t\t\t\t\t\t<h4 itemprop=\"name\" class=\"entry-title eltdf-plc-title\" >Gr5 Senders Xarel\u00b7lo de Terrer<\/h4>\t\t\t\t\t\t\t\t\t\t\t\t\t\t\t\t\t\t\t\t\t\t\t\t\t\t\t<div class=\"eltdf-plc-rating-holder\"><div class=\"eltdf-plc-rating\" title=\"Rated 0 out of 5\"><span style=\"width:0%\"><\/span><\/div><\/div>\t\t\t\t\t\t\t\t\t\t\t\t\t\t\t\t\t\t\t\t\t\t\t\t\t\t<\/div>\n\t\t\t\t\t\t\t<\/div>\n\t\t\t\t\t\t<\/div>\n\t\t\t\t\t\t\t\t\t\t<a class=\"eltdf-plc-link\" itemprop=\"url\" href=\"https:\/\/vinselcep.com\/es\/botiga-cava-vins-enoturisme-barcelona\/vino-blanco\/gr5-senders-xarelo-de-terrer\/\" title=\"Gr5 Senders Xarel\u00b7lo de Terrer\"><\/a>\n\t\t\t\t<\/div>\n\t\t\t\t\t\t\t\t\t\t\t<\/div>\n\t\t\t\t\t<div class=\"eltdf-plc-item\">\n\t\t\t\t\t\t\t\t<div class=\"eltdf-plc-image-outer\">\n\t\t\t\t\t<div class=\"eltdf-plc-image\">\n\t\t\t\t\t\t<img loading=\"lazy\" decoding=\"async\" width=\"800\" height=\"800\" src=\"https:\/\/vinselcep.com\/wp-content\/uploads\/2020\/12\/ot-de-vins-el-cep-rosat-de-terrer-botiga.jpg\" class=\"attachment-full size-full wp-post-image\" alt=\"Ot de Vins el Cep Rosat de Terrer\" srcset=\"https:\/\/vinselcep.com\/wp-content\/uploads\/2020\/12\/ot-de-vins-el-cep-rosat-de-terrer-botiga.jpg 800w, https:\/\/vinselcep.com\/wp-content\/uploads\/2020\/12\/ot-de-vins-el-cep-rosat-de-terrer-botiga-300x300.jpg 300w, https:\/\/vinselcep.com\/wp-content\/uploads\/2020\/12\/ot-de-vins-el-cep-rosat-de-terrer-botiga-100x100.jpg 100w, https:\/\/vinselcep.com\/wp-content\/uploads\/2020\/12\/ot-de-vins-el-cep-rosat-de-terrer-botiga-600x600.jpg 600w, https:\/\/vinselcep.com\/wp-content\/uploads\/2020\/12\/ot-de-vins-el-cep-rosat-de-terrer-botiga-150x150.jpg 150w, https:\/\/vinselcep.com\/wp-content\/uploads\/2020\/12\/ot-de-vins-el-cep-rosat-de-terrer-botiga-768x768.jpg 768w, https:\/\/vinselcep.com\/wp-content\/uploads\/2020\/12\/ot-de-vins-el-cep-rosat-de-terrer-botiga-550x550.jpg 550w\" sizes=\"(max-width: 800px) 100vw, 800px\" \/>\t\t\t\t\t<\/div>\n\t\t\t\t\t\t\t\t\t\t\t<div class=\"eltdf-plc-text\" >\n\t\t\t\t\t\t\t<div class=\"eltdf-plc-text-outer\">\n\t\t\t\t\t\t\t\t<div class=\"eltdf-plc-text-inner\">\n\t\t\t\t\t\t\t\t\t<h4 itemprop=\"name\" class=\"entry-title eltdf-plc-title\" >Ot de Vins El Cep Rosat de Terrer<\/h4>\t\t\t\t\t\t\t\t\t\t\t\t\t\t\t\t\t\t\t\t\t\t\t\t\t\t\t<div class=\"eltdf-plc-rating-holder\"><div class=\"eltdf-plc-rating\" title=\"Rated 0 out of 5\"><span style=\"width:0%\"><\/span><\/div><\/div>\t\t\t\t\t\t\t\t\t\t\t\t\t\t\t\t\t\t\t\t\t\t\t\t\t\t<\/div>\n\t\t\t\t\t\t\t<\/div>\n\t\t\t\t\t\t<\/div>\n\t\t\t\t\t\t\t\t\t\t<a class=\"eltdf-plc-link\" itemprop=\"url\" href=\"https:\/\/vinselcep.com\/es\/botiga-cava-vins-enoturisme-barcelona\/vino-rosado\/ot-rosat-de-terrer\/\" title=\"Ot de Vins El Cep Rosat de Terrer\"><\/a>\n\t\t\t\t<\/div>\n\t\t\t\t\t\t\t\t\t\t\t<\/div>\n\t\t\t\t\t<div class=\"eltdf-plc-item\">\n\t\t\t\t\t\t\t\t<div class=\"eltdf-plc-image-outer\">\n\t\t\t\t\t<div class=\"eltdf-plc-image\">\n\t\t\t\t\t\t<img loading=\"lazy\" decoding=\"async\" width=\"800\" height=\"800\" src=\"https:\/\/vinselcep.com\/wp-content\/uploads\/2020\/12\/ot-de-vins-el-cep-negre-de-terrer-botiga.jpg\" class=\"attachment-full size-full wp-post-image\" alt=\"Ot de Vins el Cep Negre de Terrer\" srcset=\"https:\/\/vinselcep.com\/wp-content\/uploads\/2020\/12\/ot-de-vins-el-cep-negre-de-terrer-botiga.jpg 800w, https:\/\/vinselcep.com\/wp-content\/uploads\/2020\/12\/ot-de-vins-el-cep-negre-de-terrer-botiga-300x300.jpg 300w, https:\/\/vinselcep.com\/wp-content\/uploads\/2020\/12\/ot-de-vins-el-cep-negre-de-terrer-botiga-100x100.jpg 100w, https:\/\/vinselcep.com\/wp-content\/uploads\/2020\/12\/ot-de-vins-el-cep-negre-de-terrer-botiga-600x600.jpg 600w, https:\/\/vinselcep.com\/wp-content\/uploads\/2020\/12\/ot-de-vins-el-cep-negre-de-terrer-botiga-150x150.jpg 150w, https:\/\/vinselcep.com\/wp-content\/uploads\/2020\/12\/ot-de-vins-el-cep-negre-de-terrer-botiga-768x768.jpg 768w, https:\/\/vinselcep.com\/wp-content\/uploads\/2020\/12\/ot-de-vins-el-cep-negre-de-terrer-botiga-550x550.jpg 550w\" sizes=\"(max-width: 800px) 100vw, 800px\" \/>\t\t\t\t\t<\/div>\n\t\t\t\t\t\t\t\t\t\t\t<div class=\"eltdf-plc-text\" >\n\t\t\t\t\t\t\t<div class=\"eltdf-plc-text-outer\">\n\t\t\t\t\t\t\t\t<div class=\"eltdf-plc-text-inner\">\n\t\t\t\t\t\t\t\t\t<h4 itemprop=\"name\" class=\"entry-title eltdf-plc-title\" >Ot de Vins El Cep Negre de Terrer<\/h4>\t\t\t\t\t\t\t\t\t\t\t\t\t\t\t\t\t\t\t\t\t\t\t\t\t\t\t<div class=\"eltdf-plc-rating-holder\"><div class=\"eltdf-plc-rating\" title=\"Rated 0 out of 5\"><span style=\"width:0%\"><\/span><\/div><\/div>\t\t\t\t\t\t\t\t\t\t\t\t\t\t\t\t\t\t\t\t\t\t\t\t\t\t<\/div>\n\t\t\t\t\t\t\t<\/div>\n\t\t\t\t\t\t<\/div>\n\t\t\t\t\t\t\t\t\t\t<a class=\"eltdf-plc-link\" itemprop=\"url\" href=\"https:\/\/vinselcep.com\/es\/botiga-cava-vins-enoturisme-barcelona\/vino-tinto\/ot-negre-de-terrer\/\" title=\"Ot de Vins El Cep Negre de Terrer\"><\/a>\n\t\t\t\t<\/div>\n\t\t\t\t\t\t\t\t\t\t\t<\/div>\n\t\t\t\t\t<div class=\"eltdf-plc-item\">\n\t\t\t\t\t\t\t\t<div class=\"eltdf-plc-image-outer\">\n\t\t\t\t\t<div class=\"eltdf-plc-image\">\n\t\t\t\t\t\t<img loading=\"lazy\" decoding=\"async\" width=\"768\" height=\"768\" src=\"https:\/\/vinselcep.com\/wp-content\/uploads\/2022\/11\/Pla-del-Bosc.jpg\" class=\"attachment-full size-full wp-post-image\" alt=\"\" srcset=\"https:\/\/vinselcep.com\/wp-content\/uploads\/2022\/11\/Pla-del-Bosc.jpg 768w, https:\/\/vinselcep.com\/wp-content\/uploads\/2022\/11\/Pla-del-Bosc-300x300.jpg 300w, https:\/\/vinselcep.com\/wp-content\/uploads\/2022\/11\/Pla-del-Bosc-100x100.jpg 100w, https:\/\/vinselcep.com\/wp-content\/uploads\/2022\/11\/Pla-del-Bosc-600x600.jpg 600w, https:\/\/vinselcep.com\/wp-content\/uploads\/2022\/11\/Pla-del-Bosc-150x150.jpg 150w, https:\/\/vinselcep.com\/wp-content\/uploads\/2022\/11\/Pla-del-Bosc-550x550.jpg 550w\" sizes=\"(max-width: 768px) 100vw, 768px\" \/>\t\t\t\t\t<\/div>\n\t\t\t\t\t\t\t\t\t\t\t<div class=\"eltdf-plc-text\" >\n\t\t\t\t\t\t\t<div class=\"eltdf-plc-text-outer\">\n\t\t\t\t\t\t\t\t<div class=\"eltdf-plc-text-inner\">\n\t\t\t\t\t\t\t\t\t<h4 itemprop=\"name\" class=\"entry-title eltdf-plc-title\" >Pla del Bosc<\/h4>\t\t\t\t\t\t\t\t\t\t\t\t\t\t\t\t\t\t\t\t\t\t\t\t\t\t\t<div class=\"eltdf-plc-rating-holder\"><div class=\"eltdf-plc-rating\" title=\"Rated 0 out of 5\"><span style=\"width:0%\"><\/span><\/div><\/div>\t\t\t\t\t\t\t\t\t\t\t\t\t\t\t\t\t\t\t\t\t\t\t\t\t\t<\/div>\n\t\t\t\t\t\t\t<\/div>\n\t\t\t\t\t\t<\/div>\n\t\t\t\t\t\t\t\t\t\t<a class=\"eltdf-plc-link\" itemprop=\"url\" href=\"https:\/\/vinselcep.com\/es\/botiga-cava-vins-enoturisme-barcelona\/vino-blanco\/pla-del-bosc\/\" title=\"Pla del Bosc\"><\/a>\n\t\t\t\t<\/div>\n\t\t\t\t\t\t\t\t\t\t\t<\/div>\n\t\t\t\t\t<div class=\"eltdf-plc-item\">\n\t\t\t\t\t\t\t\t<div class=\"eltdf-plc-image-outer\">\n\t\t\t\t\t<div class=\"eltdf-plc-image\">\n\t\t\t\t\t\t<img loading=\"lazy\" decoding=\"async\" width=\"800\" height=\"800\" src=\"https:\/\/vinselcep.com\/wp-content\/uploads\/2024\/02\/clos_gelida_assemblatge.jpg\" class=\"attachment-full size-full wp-post-image\" alt=\"\" srcset=\"https:\/\/vinselcep.com\/wp-content\/uploads\/2024\/02\/clos_gelida_assemblatge.jpg 800w, https:\/\/vinselcep.com\/wp-content\/uploads\/2024\/02\/clos_gelida_assemblatge-300x300.jpg 300w, https:\/\/vinselcep.com\/wp-content\/uploads\/2024\/02\/clos_gelida_assemblatge-100x100.jpg 100w, https:\/\/vinselcep.com\/wp-content\/uploads\/2024\/02\/clos_gelida_assemblatge-150x150.jpg 150w, https:\/\/vinselcep.com\/wp-content\/uploads\/2024\/02\/clos_gelida_assemblatge-768x768.jpg 768w, https:\/\/vinselcep.com\/wp-content\/uploads\/2024\/02\/clos_gelida_assemblatge-550x550.jpg 550w, https:\/\/vinselcep.com\/wp-content\/uploads\/2024\/02\/clos_gelida_assemblatge-600x600.jpg 600w\" sizes=\"(max-width: 800px) 100vw, 800px\" \/>\t\t\t\t\t<\/div>\n\t\t\t\t\t\t\t\t\t\t\t<div class=\"eltdf-plc-text\" >\n\t\t\t\t\t\t\t<div class=\"eltdf-plc-text-outer\">\n\t\t\t\t\t\t\t\t<div class=\"eltdf-plc-text-inner\">\n\t\t\t\t\t\t\t\t\t<h4 itemprop=\"name\" class=\"entry-title eltdf-plc-title\" >Clos Gelida l&#8217;Assemblatge<\/h4>\t\t\t\t\t\t\t\t\t\t\t\t\t\t\t\t\t\t\t\t\t\t\t\t\t\t\t<div class=\"eltdf-plc-rating-holder\"><div class=\"eltdf-plc-rating\" title=\"Rated 0 out of 5\"><span style=\"width:0%\"><\/span><\/div><\/div>\t\t\t\t\t\t\t\t\t\t\t\t\t\t\t\t\t\t\t\t\t\t\t\t\t\t<\/div>\n\t\t\t\t\t\t\t<\/div>\n\t\t\t\t\t\t<\/div>\n\t\t\t\t\t\t\t\t\t\t<a class=\"eltdf-plc-link\" itemprop=\"url\" href=\"https:\/\/vinselcep.com\/es\/botiga-cava-vins-enoturisme-barcelona\/cava-es\/clos-gelida-4-heretats-copia\/\" title=\"Clos Gelida l&#8217;Assemblatge\"><\/a>\n\t\t\t\t<\/div>\n\t\t\t\t\t\t\t\t\t\t\t<\/div>\n\t\t\t\t\t<div class=\"eltdf-plc-item\">\n\t\t\t\t\t\t\t\t<div class=\"eltdf-plc-image-outer\">\n\t\t\t\t\t<div class=\"eltdf-plc-image\">\n\t\t\t\t\t\t<img loading=\"lazy\" decoding=\"async\" width=\"800\" height=\"800\" src=\"https:\/\/vinselcep.com\/wp-content\/uploads\/2024\/07\/petnat_ptn_botiga.jpg\" class=\"attachment-full size-full wp-post-image\" alt=\"\" srcset=\"https:\/\/vinselcep.com\/wp-content\/uploads\/2024\/07\/petnat_ptn_botiga.jpg 800w, https:\/\/vinselcep.com\/wp-content\/uploads\/2024\/07\/petnat_ptn_botiga-300x300.jpg 300w, https:\/\/vinselcep.com\/wp-content\/uploads\/2024\/07\/petnat_ptn_botiga-100x100.jpg 100w, https:\/\/vinselcep.com\/wp-content\/uploads\/2024\/07\/petnat_ptn_botiga-150x150.jpg 150w, https:\/\/vinselcep.com\/wp-content\/uploads\/2024\/07\/petnat_ptn_botiga-768x768.jpg 768w, https:\/\/vinselcep.com\/wp-content\/uploads\/2024\/07\/petnat_ptn_botiga-550x550.jpg 550w, https:\/\/vinselcep.com\/wp-content\/uploads\/2024\/07\/petnat_ptn_botiga-600x600.jpg 600w\" sizes=\"(max-width: 800px) 100vw, 800px\" \/>\t\t\t\t\t<\/div>\n\t\t\t\t\t\t\t\t\t\t\t<div class=\"eltdf-plc-text\" >\n\t\t\t\t\t\t\t<div class=\"eltdf-plc-text-outer\">\n\t\t\t\t\t\t\t\t<div class=\"eltdf-plc-text-inner\">\n\t\t\t\t\t\t\t\t\t<h4 itemprop=\"name\" class=\"entry-title eltdf-plc-title\" >P\u00c9T-NAT XRL\u00b7LO<\/h4>\t\t\t\t\t\t\t\t\t\t\t\t\t\t\t\t\t\t\t\t\t\t\t\t\t\t\t<div class=\"eltdf-plc-rating-holder\"><div class=\"eltdf-plc-rating\" title=\"Rated 0 out of 5\"><span style=\"width:0%\"><\/span><\/div><\/div>\t\t\t\t\t\t\t\t\t\t\t\t\t\t\t\t\t\t\t\t\t\t\t\t\t\t<\/div>\n\t\t\t\t\t\t\t<\/div>\n\t\t\t\t\t\t<\/div>\n\t\t\t\t\t\t\t\t\t\t<a class=\"eltdf-plc-link\" itemprop=\"url\" href=\"https:\/\/vinselcep.com\/es\/botiga-cava-vins-enoturisme-barcelona\/cava-es\/pet-nat-xarello\/\" title=\"P\u00c9T-NAT XRL\u00b7LO\"><\/a>\n\t\t\t\t<\/div>\n\t\t\t\t\t\t\t\t\t\t\t<\/div>\n\t\t\t\t\t<div class=\"eltdf-plc-item\">\n\t\t\t\t\t\t\t\t<div class=\"eltdf-plc-image-outer\">\n\t\t\t\t\t<div class=\"eltdf-plc-image\">\n\t\t\t\t\t\t<span class=\"eltdf-plc-out-of-stock\">Out of Stock<\/span><img loading=\"lazy\" decoding=\"async\" width=\"800\" height=\"800\" src=\"https:\/\/vinselcep.com\/wp-content\/uploads\/2024\/07\/petnat_ptn_nr_botiga.jpg\" class=\"attachment-full size-full wp-post-image\" alt=\"\" srcset=\"https:\/\/vinselcep.com\/wp-content\/uploads\/2024\/07\/petnat_ptn_nr_botiga.jpg 800w, https:\/\/vinselcep.com\/wp-content\/uploads\/2024\/07\/petnat_ptn_nr_botiga-300x300.jpg 300w, https:\/\/vinselcep.com\/wp-content\/uploads\/2024\/07\/petnat_ptn_nr_botiga-100x100.jpg 100w, https:\/\/vinselcep.com\/wp-content\/uploads\/2024\/07\/petnat_ptn_nr_botiga-150x150.jpg 150w, https:\/\/vinselcep.com\/wp-content\/uploads\/2024\/07\/petnat_ptn_nr_botiga-768x768.jpg 768w, https:\/\/vinselcep.com\/wp-content\/uploads\/2024\/07\/petnat_ptn_nr_botiga-550x550.jpg 550w, https:\/\/vinselcep.com\/wp-content\/uploads\/2024\/07\/petnat_ptn_nr_botiga-600x600.jpg 600w\" sizes=\"(max-width: 800px) 100vw, 800px\" \/>\t\t\t\t\t<\/div>\n\t\t\t\t\t\t\t\t\t\t\t<div class=\"eltdf-plc-text\" >\n\t\t\t\t\t\t\t<div class=\"eltdf-plc-text-outer\">\n\t\t\t\t\t\t\t\t<div class=\"eltdf-plc-text-inner\">\n\t\t\t\t\t\t\t\t\t<h4 itemprop=\"name\" class=\"entry-title eltdf-plc-title\" >P\u00c9T-NAT PNT-NR<\/h4>\t\t\t\t\t\t\t\t\t\t\t\t\t\t\t\t\t\t\t\t\t\t\t\t\t\t\t<div class=\"eltdf-plc-rating-holder\"><div class=\"eltdf-plc-rating\" title=\"Rated 0 out of 5\"><span style=\"width:0%\"><\/span><\/div><\/div>\t\t\t\t\t\t\t\t\t\t\t\t\t\t\t\t\t\t\t\t\t\t\t\t\t\t<\/div>\n\t\t\t\t\t\t\t<\/div>\n\t\t\t\t\t\t<\/div>\n\t\t\t\t\t\t\t\t\t\t<a class=\"eltdf-plc-link\" itemprop=\"url\" href=\"https:\/\/vinselcep.com\/es\/botiga-cava-vins-enoturisme-barcelona\/cava-es\/pet-na-pnt-nr\/\" title=\"P\u00c9T-NAT PNT-NR\"><\/a>\n\t\t\t\t<\/div>\n\t\t\t\t\t\t\t\t\t\t\t<\/div>\n\t\t\t\t\t<div class=\"eltdf-plc-item\">\n\t\t\t\t\t\t\t\t<div class=\"eltdf-plc-image-outer\">\n\t\t\t\t\t<div class=\"eltdf-plc-image\">\n\t\t\t\t\t\t<img loading=\"lazy\" decoding=\"async\" width=\"800\" height=\"800\" src=\"https:\/\/vinselcep.com\/wp-content\/uploads\/2025\/12\/les-madones-800x800-1.webp\" class=\"attachment-full size-full wp-post-image\" alt=\"\" srcset=\"https:\/\/vinselcep.com\/wp-content\/uploads\/2025\/12\/les-madones-800x800-1.webp 800w, https:\/\/vinselcep.com\/wp-content\/uploads\/2025\/12\/les-madones-800x800-1-300x300.webp 300w, https:\/\/vinselcep.com\/wp-content\/uploads\/2025\/12\/les-madones-800x800-1-100x100.webp 100w, https:\/\/vinselcep.com\/wp-content\/uploads\/2025\/12\/les-madones-800x800-1-700x700.webp 700w, https:\/\/vinselcep.com\/wp-content\/uploads\/2025\/12\/les-madones-800x800-1-150x150.webp 150w, https:\/\/vinselcep.com\/wp-content\/uploads\/2025\/12\/les-madones-800x800-1-768x768.webp 768w, https:\/\/vinselcep.com\/wp-content\/uploads\/2025\/12\/les-madones-800x800-1-550x550.webp 550w, https:\/\/vinselcep.com\/wp-content\/uploads\/2025\/12\/les-madones-800x800-1-170x170.webp 170w\" sizes=\"(max-width: 800px) 100vw, 800px\" \/>\t\t\t\t\t<\/div>\n\t\t\t\t\t\t\t\t\t\t\t<div class=\"eltdf-plc-text\" >\n\t\t\t\t\t\t\t<div class=\"eltdf-plc-text-outer\">\n\t\t\t\t\t\t\t\t<div class=\"eltdf-plc-text-inner\">\n\t\t\t\t\t\t\t\t\t<h4 itemprop=\"name\" class=\"entry-title eltdf-plc-title\" >Les madones<\/h4>\t\t\t\t\t\t\t\t\t\t\t\t\t\t\t\t\t\t\t\t\t\t\t\t\t\t\t<div class=\"eltdf-plc-rating-holder\"><div class=\"eltdf-plc-rating\" title=\"Rated 0 out of 5\"><span style=\"width:0%\"><\/span><\/div><\/div>\t\t\t\t\t\t\t\t\t\t\t\t\t\t\t\t\t\t\t\t\t\t\t\t\t\t<\/div>\n\t\t\t\t\t\t\t<\/div>\n\t\t\t\t\t\t<\/div>\n\t\t\t\t\t\t\t\t\t\t<a class=\"eltdf-plc-link\" itemprop=\"url\" href=\"https:\/\/vinselcep.com\/es\/botiga-cava-vins-enoturisme-barcelona\/vino-blanco\/les-madones\/\" title=\"Les madones\"><\/a>\n\t\t\t\t<\/div>\n\t\t\t\t\t\t\t\t\t\t\t<\/div>\n\t\t\t<\/div>\n<\/div>[\/vc_column][\/vc_row]<\/p>\n<\/div>","protected":false},"excerpt":{"rendered":"<p>[vc_row row_content_width=\u00bbgrid\u00bb css=\u00bb.vc_custom_1608213106865{padding-top: 50px !important;padding-bottom: 0px !important;}\u00bb][vc_column][vc_row_inner][vc_column_inner offset=\u00bbvc_col-lg-3 vc_col-md-4&#8243;][vc_empty_space][vc_column_text] Viticultores desde 1448 [\/vc_column_text][\/vc_column_inner][vc_column_inner offset=\u00bbvc_col-lg-9 vc_col-md-8&#8243; css=\u00bb.vc_custom_1608209782973{padding-right: 15px !important;padding-bottom: 140px !important;padding-left: 15px !important;}\u00bb][vc_empty_space height=\u00bb15px\u00bb][vc_column_text] Vins El Cep nace de la uni\u00f3n de cuatro familias de viticultores y cuatro heredades. Elaboradores desde 1980 de vinos y cavas singulares de alta calidad, la expresi\u00f3n de nuestros terru\u00f1os. Situados en els Costers de l\u2019Anoia, en Can Llopart de les Alzines, somos pioneros en viticultura ecol\u00f3gica y biodin\u00e1mica. Luchamos para conseguir el equilibrio perfecto entre el respeto por la natura y la alta calidad en bodega. [\/vc_column_text][vc_column_text] Las vi\u00f1as son nuestro patrimonio, las ra\u00edces nuestro paisaje. [\/vc_column_text][\/vc_column_inner][\/vc_row_inner][vc_separator][\/vc_column][\/vc_row][vc_row row_content_width=\u00bbgrid\u00bb content_text_aligment=\u00bbcenter\u00bb css=\u00bb.vc_custom_1606389026761{padding-top: 100px !important;padding-bottom: 50px !important;}\u00bb][vc_column css=\u00bb.vc_custom_1489652759587{padding-right: 0px !important;padding-left: 0px !important;}\u00bb][vc_empty_space height=\u00bb40px\u00bb][vc_row_inner content_text_aligment=\u00bbleft\u00bb][vc_column_inner width=\u00bb1\/2&#8243; offset=\u00bbvc_col-lg-3 vc_col-md-6&#8243; css=\u00bb.vc_custom_1608209818709{padding-right: 5px !important;padding-left: 5px !important;}\u00bb][vc_empty_space height=\u00bb20px\u00bb][\/vc_column_inner][vc_column_inner width=\u00bb1\/2&#8243; offset=\u00bbvc_col-lg-3 vc_col-md-6&#8243; css=\u00bb.vc_custom_1608209827572{padding-right: 5px !important;padding-left: 5px !important;}\u00bb][vc_empty_space height=\u00bb20px\u00bb][\/vc_column_inner][vc_column_inner width=\u00bb1\/2&#8243; offset=\u00bbvc_col-lg-3 vc_col-md-6&#8243; css=\u00bb.vc_custom_1608209835121{padding-right: 5px !important;padding-left: 5px !important;}\u00bb][vc_empty_space height=\u00bb20px\u00bb][\/vc_column_inner][vc_column_inner width=\u00bb1\/2&#8243; offset=\u00bbvc_col-lg-3 vc_col-md-6&#8243; css=\u00bb.vc_custom_1608209843102{padding-right: 5px !important;padding-left: 5px !important;}\u00bb][vc_empty_space height=\u00bb20px\u00bb][\/vc_column_inner][\/vc_row_inner][\/vc_column][\/vc_row][vc_row content_text_aligment=\u00bbcenter\u00bb css=\u00bb.vc_custom_1607949018184{padding-top: 50px !important;padding-bottom: 60px !important;}\u00bb el_class=\u00bbel-nostre-cami\u00bb][vc_column css=\u00bb.vc_custom_1606219159801{margin-right: 0px !important;margin-left: 0px !important;border-right-width: 0px !important;border-left-width: 0px !important;padding-right: 0px !important;padding-left: 0px !important;}\u00bb][\/vc_column][\/vc_row][vc_row row_content_width=\u00bbgrid\u00bb css=\u00bb.vc_custom_1608627649019{padding-bottom: 100px !important;}\u00bb][vc_column width=\u00bb1\/2&#8243;][vc_row_inner][vc_column_inner width=\u00bb1\/2&#8243; offset=\u00bbvc_col-lg-6 vc_col-md-6&#8243;][vc_empty_space height=\u00bb45px\u00bb][vc_single_image image=\u00bb13634&#8243; img_size=\u00bbfull\u00bb alignment=\u00bbcenter\u00bb css_animation=\u00bbfadeIn\u00bb el_class=\u00bbvins-home\u00bb][\/vc_column_inner][vc_column_inner width=\u00bb1\/2&#8243;][\/vc_column_inner][\/vc_row_inner][\/vc_column][vc_column width=\u00bb1\/2&#8243;][vc_row_inner][vc_column_inner width=\u00bb1\/2&#8243; offset=\u00bbvc_col-lg-6 vc_col-md-6&#8243;][vc_empty_space height=\u00bb45px\u00bb][vc_single_image image=\u00bb13933&#8243; img_size=\u00bbfull\u00bb alignment=\u00bbcenter\u00bb css_animation=\u00bbfadeIn\u00bb el_class=\u00bbvins-home\u00bb][\/vc_column_inner][vc_column_inner width=\u00bb1\/2&#8243;][\/vc_column_inner][\/vc_row_inner][\/vc_column][\/vc_row][vc_row content_text_aligment=\u00bbcenter\u00bb css=\u00bb.vc_custom_1618481989729{padding-bottom: 50px !important;}\u00bb el_class=\u00bbbanner-botiga\u00bb][vc_column][vc_column_text] TIENDA [\/vc_column_text][vc_empty_space height=\u00bb50px\u00bb][\/vc_column][\/vc_row]<\/p>\n","protected":false},"author":1,"featured_media":14168,"parent":0,"menu_order":0,"comment_status":"closed","ping_status":"closed","template":"full-width.php","meta":{"ngg_post_thumbnail":0,"footnotes":""},"class_list":["post-13986","page","type-page","status-publish","has-post-thumbnail","hentry"],"yoast_head":"<!-- This site is optimized with the Yoast SEO Premium plugin v26.9 (Yoast SEO v26.9) - https:\/\/yoast.com\/product\/yoast-seo-premium-wordpress\/ -->\n<title>Cava premium. Vinos y cavas org\u00e1nicos y biodin\u00e1micos del Pened\u00e8s (Barcelona). | Vins el Cep<\/title>\n<meta name=\"description\" content=\"Productores de cava desde 1448 en Sant Sadurn\u00ed d&#039;Anoia (Pened\u00e9s). Reconocidos por nuestro cava Claror de Paraje Calificado, nuestros cavas premium y los vinos org\u00e1nicos y biodin\u00e1micos Pinot Noir.\" \/>\n<meta name=\"robots\" content=\"index, follow, max-snippet:-1, max-image-preview:large, max-video-preview:-1\" \/>\n<link rel=\"canonical\" href=\"https:\/\/vinselcep.com\/es\/\" \/>\n<meta property=\"og:locale\" content=\"es_ES\" \/>\n<meta property=\"og:type\" content=\"article\" \/>\n<meta property=\"og:title\" content=\"Viticultores desde 1448. Vinos y Cavas ecol\u00f3gicos del Pened\u00e8s. (Barcelona).\" \/>\n<meta property=\"og:description\" content=\"Productores de cava desde 1448 en Sant Sadurn\u00ed d&#039;Anoia (Pened\u00e9s). Reconocidos por nuestro cava Claror de Paraje Calificado, nuestros cavas premium y los vinos org\u00e1nicos y biodin\u00e1micos Pinot Noir.\" \/>\n<meta property=\"og:url\" content=\"https:\/\/vinselcep.com\/es\/\" \/>\n<meta property=\"og:site_name\" content=\"Vins el Cep\" \/>\n<meta property=\"article:publisher\" content=\"https:\/\/ca-es.facebook.com\/VinselCep\/\" \/>\n<meta property=\"article:modified_time\" content=\"2023-01-10T09:09:20+00:00\" \/>\n<meta property=\"og:image\" content=\"https:\/\/vinselcep.com\/wp-content\/uploads\/2020\/12\/logo-vins-el-cep-mailings.jpg\" \/>\n\t<meta property=\"og:image:width\" content=\"400\" \/>\n\t<meta property=\"og:image:height\" content=\"300\" \/>\n\t<meta property=\"og:image:type\" content=\"image\/jpeg\" \/>\n<meta name=\"twitter:card\" content=\"summary_large_image\" \/>\n<meta name=\"twitter:site\" content=\"@vinselcep\" \/>\n<meta name=\"twitter:label1\" content=\"Tiempo de lectura\" \/>\n\t<meta name=\"twitter:data1\" content=\"3 minutos\" \/>\n<script type=\"application\/ld+json\" class=\"yoast-schema-graph\">{\"@context\":\"https:\/\/schema.org\",\"@graph\":[{\"@type\":\"WebPage\",\"@id\":\"https:\/\/vinselcep.com\/es\/\",\"url\":\"https:\/\/vinselcep.com\/es\/\",\"name\":\"Cava premium. Vinos y cavas org\u00e1nicos y biodin\u00e1micos del Pened\u00e8s (Barcelona). | Vins el Cep\",\"isPartOf\":{\"@id\":\"https:\/\/vinselcep.com\/es\/#website\"},\"primaryImageOfPage\":{\"@id\":\"https:\/\/vinselcep.com\/es\/#primaryimage\"},\"image\":{\"@id\":\"https:\/\/vinselcep.com\/es\/#primaryimage\"},\"thumbnailUrl\":\"https:\/\/vinselcep.com\/wp-content\/uploads\/2020\/12\/logo-vins-el-cep-mailings.jpg\",\"datePublished\":\"2020-12-11T17:40:39+00:00\",\"dateModified\":\"2023-01-10T09:09:20+00:00\",\"description\":\"Productores de cava desde 1448 en Sant Sadurn\u00ed d'Anoia (Pened\u00e9s). Reconocidos por nuestro cava Claror de Paraje Calificado, nuestros cavas premium y los vinos org\u00e1nicos y biodin\u00e1micos Pinot Noir.\",\"breadcrumb\":{\"@id\":\"https:\/\/vinselcep.com\/es\/#breadcrumb\"},\"inLanguage\":\"es\",\"potentialAction\":[{\"@type\":\"ReadAction\",\"target\":[\"https:\/\/vinselcep.com\/es\/\"]}]},{\"@type\":\"ImageObject\",\"inLanguage\":\"es\",\"@id\":\"https:\/\/vinselcep.com\/es\/#primaryimage\",\"url\":\"https:\/\/vinselcep.com\/wp-content\/uploads\/2020\/12\/logo-vins-el-cep-mailings.jpg\",\"contentUrl\":\"https:\/\/vinselcep.com\/wp-content\/uploads\/2020\/12\/logo-vins-el-cep-mailings.jpg\",\"width\":400,\"height\":300},{\"@type\":\"BreadcrumbList\",\"@id\":\"https:\/\/vinselcep.com\/es\/#breadcrumb\",\"itemListElement\":[{\"@type\":\"ListItem\",\"position\":1,\"name\":\"Inici\",\"item\":\"https:\/\/vinselcep.com\/es\/\"},{\"@type\":\"ListItem\",\"position\":2,\"name\":\"Viticultores desde 1448. Vinos y Cavas ecol\u00f3gicos del Pened\u00e8s. (Barcelona).\"}]},{\"@type\":\"WebSite\",\"@id\":\"https:\/\/vinselcep.com\/es\/#website\",\"url\":\"https:\/\/vinselcep.com\/es\/\",\"name\":\"Vins el Cep\",\"description\":\"Viticultors des de 1448\",\"publisher\":{\"@id\":\"https:\/\/vinselcep.com\/es\/#organization\"},\"potentialAction\":[{\"@type\":\"SearchAction\",\"target\":{\"@type\":\"EntryPoint\",\"urlTemplate\":\"https:\/\/vinselcep.com\/es\/?s={search_term_string}\"},\"query-input\":{\"@type\":\"PropertyValueSpecification\",\"valueRequired\":true,\"valueName\":\"search_term_string\"}}],\"inLanguage\":\"es\"},{\"@type\":\"Organization\",\"@id\":\"https:\/\/vinselcep.com\/es\/#organization\",\"name\":\"Vins el Cep\",\"url\":\"https:\/\/vinselcep.com\/es\/\",\"logo\":{\"@type\":\"ImageObject\",\"inLanguage\":\"es\",\"@id\":\"https:\/\/vinselcep.com\/es\/#\/schema\/logo\/image\/\",\"url\":\"https:\/\/vinselcep.com\/wp-content\/uploads\/2020\/11\/logo-vinselcep-positiu.png\",\"contentUrl\":\"https:\/\/vinselcep.com\/wp-content\/uploads\/2020\/11\/logo-vinselcep-positiu.png\",\"width\":600,\"height\":379,\"caption\":\"Vins el Cep\"},\"image\":{\"@id\":\"https:\/\/vinselcep.com\/es\/#\/schema\/logo\/image\/\"},\"sameAs\":[\"https:\/\/ca-es.facebook.com\/VinselCep\/\",\"https:\/\/x.com\/vinselcep\",\"https:\/\/www.instagram.com\/vinselcep\/\"]}]}<\/script>\n<meta property=\"product:price:amount\" content=\"27.90\" \/>\n<meta property=\"product:price:currency\" content=\"EUR\" \/>\n<meta property=\"og:availability\" content=\"instock\" \/>\n<meta property=\"product:availability\" content=\"instock\" \/>\n<meta property=\"product:condition\" content=\"new\" \/>\n<!-- \/ Yoast SEO Premium plugin. -->","yoast_head_json":{"title":"Cava premium. Vinos y cavas org\u00e1nicos y biodin\u00e1micos del Pened\u00e8s (Barcelona). | Vins el Cep","description":"Productores de cava desde 1448 en Sant Sadurn\u00ed d'Anoia (Pened\u00e9s). Reconocidos por nuestro cava Claror de Paraje Calificado, nuestros cavas premium y los vinos org\u00e1nicos y biodin\u00e1micos Pinot Noir.","robots":{"index":"index","follow":"follow","max-snippet":"max-snippet:-1","max-image-preview":"max-image-preview:large","max-video-preview":"max-video-preview:-1"},"canonical":"https:\/\/vinselcep.com\/es\/","og_locale":"es_ES","og_type":"article","og_title":"Viticultores desde 1448. Vinos y Cavas ecol\u00f3gicos del Pened\u00e8s. (Barcelona).","og_description":"Productores de cava desde 1448 en Sant Sadurn\u00ed d'Anoia (Pened\u00e9s). Reconocidos por nuestro cava Claror de Paraje Calificado, nuestros cavas premium y los vinos org\u00e1nicos y biodin\u00e1micos Pinot Noir.","og_url":"https:\/\/vinselcep.com\/es\/","og_site_name":"Vins el Cep","article_publisher":"https:\/\/ca-es.facebook.com\/VinselCep\/","article_modified_time":"2023-01-10T09:09:20+00:00","og_image":[{"width":400,"height":300,"url":"https:\/\/vinselcep.com\/wp-content\/uploads\/2020\/12\/logo-vins-el-cep-mailings.jpg","type":"image\/jpeg"}],"twitter_card":"summary_large_image","twitter_site":"@vinselcep","twitter_misc":{"Tiempo de lectura":"3 minutos"},"schema":{"@context":"https:\/\/schema.org","@graph":[{"@type":"WebPage","@id":"https:\/\/vinselcep.com\/es\/","url":"https:\/\/vinselcep.com\/es\/","name":"Cava premium. Vinos y cavas org\u00e1nicos y biodin\u00e1micos del Pened\u00e8s (Barcelona). | Vins el Cep","isPartOf":{"@id":"https:\/\/vinselcep.com\/es\/#website"},"primaryImageOfPage":{"@id":"https:\/\/vinselcep.com\/es\/#primaryimage"},"image":{"@id":"https:\/\/vinselcep.com\/es\/#primaryimage"},"thumbnailUrl":"https:\/\/vinselcep.com\/wp-content\/uploads\/2020\/12\/logo-vins-el-cep-mailings.jpg","datePublished":"2020-12-11T17:40:39+00:00","dateModified":"2023-01-10T09:09:20+00:00","description":"Productores de cava desde 1448 en Sant Sadurn\u00ed d'Anoia (Pened\u00e9s). Reconocidos por nuestro cava Claror de Paraje Calificado, nuestros cavas premium y los vinos org\u00e1nicos y biodin\u00e1micos Pinot Noir.","breadcrumb":{"@id":"https:\/\/vinselcep.com\/es\/#breadcrumb"},"inLanguage":"es","potentialAction":[{"@type":"ReadAction","target":["https:\/\/vinselcep.com\/es\/"]}]},{"@type":"ImageObject","inLanguage":"es","@id":"https:\/\/vinselcep.com\/es\/#primaryimage","url":"https:\/\/vinselcep.com\/wp-content\/uploads\/2020\/12\/logo-vins-el-cep-mailings.jpg","contentUrl":"https:\/\/vinselcep.com\/wp-content\/uploads\/2020\/12\/logo-vins-el-cep-mailings.jpg","width":400,"height":300},{"@type":"BreadcrumbList","@id":"https:\/\/vinselcep.com\/es\/#breadcrumb","itemListElement":[{"@type":"ListItem","position":1,"name":"Inici","item":"https:\/\/vinselcep.com\/es\/"},{"@type":"ListItem","position":2,"name":"Viticultores desde 1448. Vinos y Cavas ecol\u00f3gicos del Pened\u00e8s. (Barcelona)."}]},{"@type":"WebSite","@id":"https:\/\/vinselcep.com\/es\/#website","url":"https:\/\/vinselcep.com\/es\/","name":"Vins el Cep","description":"Viticultors des de 1448","publisher":{"@id":"https:\/\/vinselcep.com\/es\/#organization"},"potentialAction":[{"@type":"SearchAction","target":{"@type":"EntryPoint","urlTemplate":"https:\/\/vinselcep.com\/es\/?s={search_term_string}"},"query-input":{"@type":"PropertyValueSpecification","valueRequired":true,"valueName":"search_term_string"}}],"inLanguage":"es"},{"@type":"Organization","@id":"https:\/\/vinselcep.com\/es\/#organization","name":"Vins el Cep","url":"https:\/\/vinselcep.com\/es\/","logo":{"@type":"ImageObject","inLanguage":"es","@id":"https:\/\/vinselcep.com\/es\/#\/schema\/logo\/image\/","url":"https:\/\/vinselcep.com\/wp-content\/uploads\/2020\/11\/logo-vinselcep-positiu.png","contentUrl":"https:\/\/vinselcep.com\/wp-content\/uploads\/2020\/11\/logo-vinselcep-positiu.png","width":600,"height":379,"caption":"Vins el Cep"},"image":{"@id":"https:\/\/vinselcep.com\/es\/#\/schema\/logo\/image\/"},"sameAs":["https:\/\/ca-es.facebook.com\/VinselCep\/","https:\/\/x.com\/vinselcep","https:\/\/www.instagram.com\/vinselcep\/"]}]},"product_price_amount":"27.90","product_price_currency":"EUR","og_availability":"instock","product_availability":"instock","product_condition":"new"},"_links":{"self":[{"href":"https:\/\/vinselcep.com\/es\/wp-json\/wp\/v2\/pages\/13986","targetHints":{"allow":["GET"]}}],"collection":[{"href":"https:\/\/vinselcep.com\/es\/wp-json\/wp\/v2\/pages"}],"about":[{"href":"https:\/\/vinselcep.com\/es\/wp-json\/wp\/v2\/types\/page"}],"author":[{"embeddable":true,"href":"https:\/\/vinselcep.com\/es\/wp-json\/wp\/v2\/users\/1"}],"replies":[{"embeddable":true,"href":"https:\/\/vinselcep.com\/es\/wp-json\/wp\/v2\/comments?post=13986"}],"version-history":[{"count":0,"href":"https:\/\/vinselcep.com\/es\/wp-json\/wp\/v2\/pages\/13986\/revisions"}],"wp:featuredmedia":[{"embeddable":true,"href":"https:\/\/vinselcep.com\/es\/wp-json\/wp\/v2\/media\/14168"}],"wp:attachment":[{"href":"https:\/\/vinselcep.com\/es\/wp-json\/wp\/v2\/media?parent=13986"}],"curies":[{"name":"wp","href":"https:\/\/api.w.org\/{rel}","templated":true}]}}