{"id":12911,"date":"2020-11-14T23:47:42","date_gmt":"2020-11-14T23:47:42","guid":{"rendered":"https:\/\/vinselcep.com\/colleccio\/"},"modified":"2025-12-17T14:15:38","modified_gmt":"2025-12-17T13:15:38","slug":"colleccio","status":"publish","type":"page","link":"https:\/\/vinselcep.com\/es\/colleccio\/","title":{"rendered":"Colecci\u00f3n"},"content":{"rendered":"<div class=\"wpb-content-wrapper\"><p>[vc_row row_content_width=\u00bbgrid\u00bb content_text_aligment=\u00bbcenter\u00bb css=\u00bb.vc_custom_1621496663835{padding-top: 147px !important;padding-bottom: 60px !important;}\u00bb el_id=\u00bbnuestroscavas\u00bb][vc_column]<div class=\"eltdf-section-title-holder\" >\n\t\t\t<h2 class=\"eltdf-st-title\" >\n\t\t\t<span>Nuestros Cavas<\/span>\n\t\t<\/h2>\n                    <div class=\"eltdf-st-separator clearfix\">\n                <div class=\"eltdf-separator\" ><\/div>\n            <\/div>\n        \t\t\t\t<h4 class=\"eltdf-st-subtitle\" >\n\t\t<span>Descubre nuestros cavas ecol\u00f3gicos y biodin\u00e1micos<\/span>\n\t\t<\/h4>\n\t\t<\/div>[\/vc_column][\/vc_row][vc_row css=\u00bb.vc_custom_1607680208240{padding-bottom: 108px !important;}\u00bb el_class=\u00bbcolleccio\u00bb][vc_column][vc_row_inner row_content_width=\u00bbgrid\u00bb content_text_aligment=\u00bbcenter\u00bb][vc_column_inner offset=\u00bbvc_col-lg-4 vc_col-md-12&#8243;]<div class=\"eltdf-elements-holder eltdf-responsive-mode-768\" ><div class=\"eltdf-eh-item \" data-item-class=\"eltdf-eh-custom-806209\" data-1024-1280=\"0 18px 0 18px\" >\n\t<div class=\"eltdf-eh-item-inner\" >\n\t\t<div class=\"eltdf-eh-item-content eltdf-eh-custom-806209\" style=\"padding: 0 45px 0 45px\">\n\t\t\t[vc_single_image image=\u00bb18954&#8243; img_size=\u00bbfull\u00bb alignment=\u00bbcenter\u00bb onclick=\u00bbcustom_link\u00bb link=\u00bbhttps:\/\/vinselcep.com\/es\/producto\/cava-claror\/\u00bb][vc_empty_space height=\u00bb20px\u00bb][vc_column_text]<\/p>\n<h5><a href=\"https:\/\/vinselcep.com\/producte\/cava-claror\/\">CLAROR<\/a><\/h5>\n<p>[\/vc_column_text][vc_column_text]<\/p>\n<h6><span style=\"color: #a29e0b;\">2016<\/span><\/h6>\n<p>[\/vc_column_text][vc_btn title=\u00bbFicha t\u00e9cnica\u00bb style=\u00bboutline-custom\u00bb outline_custom_color=\u00bb#666666&#8243; outline_custom_hover_background=\u00bb#666666&#8243; outline_custom_hover_text=\u00bb#ffffff\u00bb shape=\u00bbsquare\u00bb size=\u00bbxs\u00bb css=\u00bb.vc_custom_1763475358425{padding-top: 10px !important;}\u00bb link=\u00bburl:https%3A%2F%2Fvinselcep.com%2Ffitxes%2FCAVES%2Fcava_claror_2016_es.pdf|title:Ficha%20t%C3%A9cnica%20Cava%20Claror|target:_blank|rel:nofollow\u00bb][vc_empty_space height=\u00bb10px\u00bb][vc_column_text]<\/p>\n<p style=\"text-align: center;\">EL PRIMER CAVA BIODIN\u00c1MICO DEL MUNDO<\/p>\n<p style=\"text-align: center;\">Cava de Paraje Calificado, Can Prats<\/p>\n<p style=\"text-align: center;\"><em><span style=\"font-weight: 400;\">Xarel\u00b7lo, Macabeo y Parellada<\/span><\/em><\/p>\n<p>[\/vc_column_text][vc_column_text]<\/p>\n<p style=\"text-align: center;\"><span style=\"font-weight: 400;\">Claror es sin\u00f3nimo de pureza, es la esencia del Cava, la m\u00e1xima expresi\u00f3n del Mediterr\u00e1neo con las tres variedades tradicionales del Pened\u00e8s. El primer cava elaborado seg\u00fan los principios de la agricultura biodin\u00e1mica. Cava de larga crianza que representa la m\u00e1xima expresi\u00f3n del terru\u00f1o.<\/span><\/p>\n<p>[\/vc_column_text][vc_empty_space]\t\t<\/div>\n\t<\/div>\n\t<\/div><\/div>[\/vc_column_inner][vc_column_inner offset=\u00bbvc_col-lg-4 vc_col-md-12&#8243;]<div class=\"eltdf-elements-holder eltdf-responsive-mode-768\" ><div class=\"eltdf-eh-item \" data-item-class=\"eltdf-eh-custom-328357\" data-1024-1280=\"0 18px 0 18px\" >\n\t<div class=\"eltdf-eh-item-inner\" >\n\t\t<div class=\"eltdf-eh-item-content eltdf-eh-custom-328357\" style=\"padding: 0 45px 0 45px\">\n\t\t\t[vc_single_image image=\u00bb20507&#8243; img_size=\u00bbfull\u00bb alignment=\u00bbcenter\u00bb onclick=\u00bbcustom_link\u00bb link=\u00bbhttps:\/\/vinselcep.com\/es\/producto\/clos-gelida-4-heretats\/\u00bb][vc_empty_space height=\u00bb20px\u00bb][vc_column_text]<\/p>\n<h5><a href=\"https:\/\/vinselcep.com\/producte\/clos-gelida-4-heretats\/\">Clos Gelida Quatre Heretats<\/a><\/h5>\n<p>[\/vc_column_text][vc_column_text]<\/p>\n<h6><span style=\"color: #a29e0b;\">2019<\/span><\/h6>\n<p>[\/vc_column_text][vc_btn title=\u00bbFicha t\u00e9cnica\u00bb style=\u00bboutline-custom\u00bb outline_custom_color=\u00bb#666666&#8243; outline_custom_hover_background=\u00bb#666666&#8243; outline_custom_hover_text=\u00bb#ffffff\u00bb shape=\u00bbsquare\u00bb size=\u00bbxs\u00bb css=\u00bb.vc_custom_1763046752365{padding-top: 10px !important;}\u00bb link=\u00bburl:https%3A%2F%2Fvinselcep.com%2Ffitxes%2FCAVES%2Fcava_closgelida_4heretats_2019_es.pdf|title:Ficha%20t%C3%A9cnica%20Clos%20Gelida%204%20Heretats|target:_blank|rel:nofollow\u00bb][vc_empty_space height=\u00bb10px\u00bb][vc_column_text css=\u00bb\u00bb]<\/p>\n<p style=\"text-align: center;\"><span style=\"font-weight: 400;\">Brut Nature Gran Reserva<\/span><\/p>\n<p style=\"text-align: center;\"><em><span style=\"font-weight: 400;\"><i>Xarel\u00b7lo, Macabeo, Chardonnay y Pinot Noir<\/i><\/span><\/em><\/p>\n<p>[\/vc_column_text][vc_column_text]<\/p>\n<p style=\"text-align: center;\"><span style=\"font-weight: 400;\">El reflejo de nuestras cuatro heredades. Personalidad y elegancia. Cuatro terru\u00f1os y cuatro variedades con Xarel\u00b7lo como base, fruto de nuestro conocimiento del territorio.<\/span><\/p>\n<p>[\/vc_column_text][vc_empty_space]\t\t<\/div>\n\t<\/div>\n\t<\/div><\/div>[\/vc_column_inner][vc_column_inner offset=\u00bbvc_col-lg-4 vc_col-md-12&#8243;]<div class=\"eltdf-elements-holder eltdf-responsive-mode-768\" ><div class=\"eltdf-eh-item \" data-item-class=\"eltdf-eh-custom-432662\" data-1024-1280=\"0 15px 0 15px\" data-480=\"0 15px 0 15px\" >\n\t<div class=\"eltdf-eh-item-inner\" >\n\t\t<div class=\"eltdf-eh-item-content eltdf-eh-custom-432662\" style=\"padding: 0 50px 0 50px\">\n\t\t\t[vc_single_image image=\u00bb20511&#8243; img_size=\u00bbfull\u00bb alignment=\u00bbcenter\u00bb onclick=\u00bbcustom_link\u00bb link=\u00bbhttps:\/\/vinselcep.com\/es\/producto\/mim-natura-blanc-de-noirs\/\u00bb][vc_empty_space height=\u00bb20px\u00bb][vc_column_text css=\u00bb\u00bb]<\/p>\n<h5><a href=\"https:\/\/vinselcep.com\/es\/botiga-cava-vins-enoturisme-barcelona\/cava-es\/mim-natura-blanc-de-noirs\/\">Mim Natura Blanc de Noirs<\/a><\/h5>\n<p>[\/vc_column_text][vc_column_text]<\/p>\n<h6><span style=\"color: #a29e0b;\">2019<\/span><\/h6>\n<p>[\/vc_column_text][vc_btn title=\u00bbFicha t\u00e9cnica\u00bb style=\u00bboutline-custom\u00bb outline_custom_color=\u00bb#666666&#8243; outline_custom_hover_background=\u00bb#666666&#8243; outline_custom_hover_text=\u00bb#ffffff\u00bb shape=\u00bbsquare\u00bb size=\u00bbxs\u00bb css=\u00bb.vc_custom_1765974459309{padding-top: 10px !important;}\u00bb link=\u00bburl:https%3A%2F%2Fvinselcep.com%2Ffitxes%2FCAVES%2Fcava_mim_bnoirs_2019_es.pdf|title:Ficha%20t%C3%A9cnica%20Mim%20Natura%20Blanc%20de%20Noirs|target:_blank|rel:nofollow\u00bb][vc_empty_space height=\u00bb10px\u00bb][vc_column_text css=\u00bb\u00bb]<\/p>\n<p style=\"text-align: center;\">Brut Nature Gran Reserva<\/p>\n<p style=\"text-align: center;\"><em><span style=\"font-weight: 400;\">100% Pinot Noir<\/span><\/em><\/p>\n<p style=\"text-align: center;\">&nbsp;<\/p>\n<p>[\/vc_column_text][vc_column_text]<\/p>\n<p style=\"text-align: center;\"><span style=\"font-weight: 400;\">Selecci\u00f3n de grandes vinos, que por su elegancia y complejidad, tienen un gran potencial de envejecimiento. Cada a\u00f1ada dar\u00e1 personalidad a este gran cava.<\/span><\/p>\n<p>[\/vc_column_text][vc_empty_space]\t\t<\/div>\n\t<\/div>\n\t<\/div><\/div>[\/vc_column_inner][\/vc_row_inner][vc_row_inner row_content_width=\u00bbgrid\u00bb content_text_aligment=\u00bbcenter\u00bb][vc_column_inner offset=\u00bbvc_col-lg-4 vc_col-md-12&#8243;]<div class=\"eltdf-elements-holder eltdf-responsive-mode-768\" ><div class=\"eltdf-eh-item \" data-item-class=\"eltdf-eh-custom-202420\" data-1024-1280=\"0 15px 0 15px\" data-480=\"0 15px 0 15px\" >\n\t<div class=\"eltdf-eh-item-inner\" >\n\t\t<div class=\"eltdf-eh-item-content eltdf-eh-custom-202420\" style=\"padding: 0 50px 0 50px\">\n\t\t\t[vc_single_image image=\u00bb13772&#8243; img_size=\u00bbfull\u00bb alignment=\u00bbcenter\u00bb onclick=\u00bbcustom_link\u00bb link=\u00bbhttps:\/\/vinselcep.com\/producte\/mim-natura-brut-nature-reserva\/\u00bb][vc_empty_space height=\u00bb20px\u00bb][vc_column_text]<\/p>\n<h5><a href=\"https:\/\/vinselcep.com\/producte\/mim-natura-brut-nature-reserva\/\">Mim Natura Brut Nature Reserva<\/a><\/h5>\n<p>[\/vc_column_text][vc_column_text]<\/p>\n<h6><span style=\"color: #a29e0b;\">2021<\/span><\/h6>\n<p>[\/vc_column_text][vc_btn title=\u00bbFicha t\u00e9cnica\u00bb style=\u00bboutline-custom\u00bb outline_custom_color=\u00bb#666666&#8243; outline_custom_hover_background=\u00bb#666666&#8243; outline_custom_hover_text=\u00bb#ffffff\u00bb shape=\u00bbsquare\u00bb size=\u00bbxs\u00bb css=\u00bb.vc_custom_1763051302593{padding-top: 10px !important;}\u00bb link=\u00bburl:https%3A%2F%2Fvinselcep.com%2Ffitxes%2FCAVES%2Fcava_mim_brutnature_2021_es.pdf|title:Ficha%20t%C3%A9cnica%20Mim%20Natura%20Brut%20Nature%20Reserva|target:_blank|rel:nofollow\u00bb][vc_empty_space height=\u00bb10px\u00bb][vc_column_text]<\/p>\n<p style=\"text-align: center;\"><em><span style=\"font-weight: 400;\">Xarel\u00b7lo, Macabeo, Parellada y Chardonnay<\/span><\/em><\/p>\n<p>[\/vc_column_text][vc_column_text]<\/p>\n<p style=\"text-align: center;\"><span style=\"font-weight: 400;\">Vi\u00f1as viejas, tradici\u00f3n y concentraci\u00f3n de matices. Un cava con mucha personalidad y extrema elegancia.<\/span><\/p>\n<p>[\/vc_column_text][vc_empty_space]\t\t<\/div>\n\t<\/div>\n\t<\/div><\/div>[\/vc_column_inner][vc_column_inner offset=\u00bbvc_col-lg-4 vc_col-md-12&#8243;]<div class=\"eltdf-elements-holder eltdf-responsive-mode-768\" ><div class=\"eltdf-eh-item \" data-item-class=\"eltdf-eh-custom-917061\" data-1024-1280=\"0 18px 0 18px\" >\n\t<div class=\"eltdf-eh-item-inner\" >\n\t\t<div class=\"eltdf-eh-item-content eltdf-eh-custom-917061\" style=\"padding: 0 45px 0 45px\">\n\t\t\t[vc_single_image image=\u00bb20514&#8243; img_size=\u00bbfull\u00bb alignment=\u00bbcenter\u00bb onclick=\u00bbcustom_link\u00bb link=\u00bbhttps:\/\/vinselcep.com\/es\/producto\/mim-natura-brut-reserva\/\u00bb][vc_empty_space height=\u00bb20px\u00bb][vc_column_text]<\/p>\n<h5><a href=\"https:\/\/vinselcep.com\/producte\/mim-natura-brut-reserva\/\">Mim Natura Brut Reserva<\/a><\/h5>\n<p>[\/vc_column_text][vc_column_text]<\/p>\n<h6><span style=\"color: #a29e0b;\">2021<\/span><\/h6>\n<p>[\/vc_column_text][vc_btn title=\u00bbFicha t\u00e9cnica\u00bb style=\u00bboutline-custom\u00bb outline_custom_color=\u00bb#666666&#8243; outline_custom_hover_background=\u00bb#666666&#8243; outline_custom_hover_text=\u00bb#ffffff\u00bb shape=\u00bbsquare\u00bb size=\u00bbxs\u00bb css=\u00bb.vc_custom_1763050291398{padding-top: 10px !important;}\u00bb link=\u00bburl:https%3A%2F%2Fvinselcep.com%2Ffitxes%2FCAVES%2Fcava_mim_brut_2021_es.pdf|title:Ficha%20t%C3%A9cnica%20Mim%20Natura%20Brut%20Reserva|target:_blank|rel:nofollow\u00bb][vc_empty_space height=\u00bb10px\u00bb][vc_column_text]<\/p>\n<p style=\"text-align: center;\"><em><span style=\"font-weight: 400;\">Xarel\u00b7lo, Macabeo, Parellada y Chardonnay<\/span><\/em><\/p>\n<p>[\/vc_column_text][vc_column_text]<\/p>\n<p style=\"text-align: center;\"><span style=\"font-weight: 400;\">Vi\u00f1as viejas, tradici\u00f3n y concentraci\u00f3n de matices. Un cava con mucha personalidad y extrema elegancia.<\/span><\/p>\n<p>[\/vc_column_text][vc_empty_space]\t\t<\/div>\n\t<\/div>\n\t<\/div><\/div>[\/vc_column_inner][vc_column_inner offset=\u00bbvc_col-lg-4 vc_col-md-12&#8243;]<div class=\"eltdf-elements-holder eltdf-responsive-mode-768\" ><div class=\"eltdf-eh-item \" data-item-class=\"eltdf-eh-custom-962856\" data-1024-1280=\"0 15px 0 15px\" data-480=\"0 15px 0 15px\" >\n\t<div class=\"eltdf-eh-item-inner\" >\n\t\t<div class=\"eltdf-eh-item-content eltdf-eh-custom-962856\" style=\"padding: 0 50px 0 50px\">\n\t\t\t[vc_single_image image=\u00bb20517&#8243; img_size=\u00bbfull\u00bb alignment=\u00bbcenter\u00bb onclick=\u00bbcustom_link\u00bb link=\u00bbhttps:\/\/vinselcep.com\/es\/producto\/mim-natura-pinot-noir-brut-reserva\/\u00bb][vc_empty_space height=\u00bb20px\u00bb][vc_column_text]<\/p>\n<h5><a href=\"https:\/\/vinselcep.com\/producte\/mim-natura-pinot-noir-brut-reserva\/\">Mim Natura Pinot Noir<\/a><\/h5>\n<p>[\/vc_column_text][vc_column_text]<\/p>\n<h6><span style=\"color: #a29e0b;\">2022<\/span><\/h6>\n<p>[\/vc_column_text][vc_btn title=\u00bbFicha t\u00e9cnica\u00bb style=\u00bboutline-custom\u00bb outline_custom_color=\u00bb#666666&#8243; outline_custom_hover_background=\u00bb#666666&#8243; outline_custom_hover_text=\u00bb#ffffff\u00bb shape=\u00bbsquare\u00bb size=\u00bbxs\u00bb css=\u00bb.vc_custom_1757409963380{padding-top: 10px !important;}\u00bb link=\u00bburl:https%3A%2F%2Fvinselcep.com%2Ffitxes%2FCAVES%2Fcava_mim_pinotnoir_2022_es.pdf|title:Ficha%20t%C3%A9cnica%20Mim%20Natura%20Pinot%20Noir|target:_blank|rel:nofollow\u00bb][vc_column_text css=\u00bb.vc_custom_1606392452744{border-top-width: -20px !important;}\u00bb]<\/p>\n<p style=\"text-align: center;\"><em><span style=\"font-weight: 400;\">100% Pinot Noir<\/span><\/em><\/p>\n<p>[\/vc_column_text][vc_column_text]<\/p>\n<p style=\"text-align: center;\"><span style=\"font-weight: 400;\">La Pinot Noir aporta fruta, complejidad y elegancia, manteniendo una frescura de largo recorrido.<\/span><\/p>\n<p>[\/vc_column_text]\t\t<\/div>\n\t<\/div>\n\t<\/div><\/div>[\/vc_column_inner][\/vc_row_inner][vc_row_inner row_content_width=\u00bbgrid\u00bb content_text_aligment=\u00bbcenter\u00bb][vc_column_inner offset=\u00bbvc_col-lg-4 vc_col-md-12&#8243;]<div class=\"eltdf-elements-holder eltdf-responsive-mode-768\" ><\/div>[\/vc_column_inner][vc_column_inner offset=\u00bbvc_col-lg-4 vc_col-md-12&#8243;]<div class=\"eltdf-elements-holder eltdf-responsive-mode-768\" ><\/div>[\/vc_column_inner][\/vc_row_inner][vc_row_inner row_content_width=\u00bbgrid\u00bb content_text_aligment=\u00bbcenter\u00bb][vc_column_inner offset=\u00bbvc_col-lg-4 vc_col-md-12&#8243;]<div class=\"eltdf-elements-holder eltdf-responsive-mode-768\" ><div class=\"eltdf-eh-item \" data-item-class=\"eltdf-eh-custom-317858\" data-1024-1280=\"0 18px 0 18px\" >\n\t<div class=\"eltdf-eh-item-inner\" >\n\t\t<div class=\"eltdf-eh-item-content eltdf-eh-custom-317858\" style=\"padding: 0 45px 0 45px\">\n\t\t\t[vc_single_image image=\u00bb20523&#8243; img_size=\u00bbfull\u00bb alignment=\u00bbcenter\u00bb onclick=\u00bbcustom_link\u00bb link=\u00bbhttps:\/\/vinselcep.com\/es\/producto\/alzinar-brut-nature-reserva\/\u00bb][vc_empty_space height=\u00bb20px\u00bb][vc_column_text]<\/p>\n<h5><a href=\"https:\/\/vinselcep.com\/producte\/alzinar-brut-nature-reserva\/\">L&#8217;Alzinar Brut Nature Reserva<\/a><\/h5>\n<p>[\/vc_column_text][vc_column_text]<\/p>\n<h6><span style=\"color: #a29e0b;\">2022<\/span><\/h6>\n<p>[\/vc_column_text][vc_btn title=\u00bbFicha t\u00e9cnica\u00bb style=\u00bboutline-custom\u00bb outline_custom_color=\u00bb#666666&#8243; outline_custom_hover_background=\u00bb#666666&#8243; outline_custom_hover_text=\u00bb#ffffff\u00bb shape=\u00bbsquare\u00bb size=\u00bbxs\u00bb css=\u00bb.vc_custom_1763052110715{padding-top: 10px !important;}\u00bb link=\u00bburl:https%3A%2F%2Fvinselcep.com%2Ffitxes%2FCAVES%2Fcava_alzinar_brutnature_2022_es.pdf|title:Ficha%20t%C3%A9cnica%20Alzinar%20Brut%20Nature%20Reserva|target:_blank|rel:nofollow\u00bb][vc_empty_space height=\u00bb10px\u00bb][vc_column_text]<\/p>\n<p style=\"text-align: center;\"><em><span style=\"font-weight: 400;\">Xarel\u00b7lo, Macabeo y Parellada<\/span><\/em><\/p>\n<p>[\/vc_column_text][vc_column_text]<\/p>\n<p style=\"text-align: center;\"><span style=\"font-weight: 400;\">El primer cava que elaboramos. Variedades tradicionales con la Xarel\u00b7lo como base fruto de la experiencia. Un cava fresco y bien definido.<\/span><\/p>\n<p>[\/vc_column_text][vc_empty_space]\t\t<\/div>\n\t<\/div>\n\t<\/div><\/div>[\/vc_column_inner][vc_column_inner offset=\u00bbvc_col-lg-4 vc_col-md-12&#8243;]<div class=\"eltdf-elements-holder eltdf-responsive-mode-768\" ><div class=\"eltdf-eh-item \" data-item-class=\"eltdf-eh-custom-508126\" data-1024-1280=\"0 15px 0 15px\" data-480=\"0 15px 0 15px\" >\n\t<div class=\"eltdf-eh-item-inner\" >\n\t\t<div class=\"eltdf-eh-item-content eltdf-eh-custom-508126\" style=\"padding: 0 50px 0 50px\">\n\t\t\t[vc_single_image image=\u00bb20520&#8243; img_size=\u00bbfull\u00bb alignment=\u00bbcenter\u00bb onclick=\u00bbcustom_link\u00bb link=\u00bbhttps:\/\/vinselcep.com\/es\/producto\/alzinar-brut-reserva\/\u00bb][vc_empty_space height=\u00bb20px\u00bb][vc_column_text]<\/p>\n<h5><a href=\"https:\/\/vinselcep.com\/producte\/alzinar-brut-reserva\/\">L&#8217;Alzinar Brut Reserva<\/a><\/h5>\n<p>[\/vc_column_text][vc_column_text]<\/p>\n<h6><span style=\"color: #a29e0b;\">2022<\/span><\/h6>\n<p>[\/vc_column_text][vc_btn title=\u00bbFicha t\u00e9cnica\u00bb style=\u00bboutline-custom\u00bb outline_custom_color=\u00bb#666666&#8243; outline_custom_hover_background=\u00bb#666666&#8243; outline_custom_hover_text=\u00bb#ffffff\u00bb shape=\u00bbsquare\u00bb size=\u00bbxs\u00bb css=\u00bb.vc_custom_1763052012800{padding-top: 10px !important;}\u00bb link=\u00bburl:https%3A%2F%2Fvinselcep.com%2Ffitxes%2FCAVES%2Fcava_alzinar_brut_2022_es.pdf|title:Ficha%20t%C3%A9cnica%20Alzinar%20Brut%20Reserva|target:_blank|rel:nofollow\u00bb][vc_empty_space height=\u00bb10px\u00bb][vc_column_text]<\/p>\n<p style=\"text-align: center;\"><em><span style=\"font-weight: 400;\">Xarel\u00b7lo, Macabeo y Parellada<\/span><\/em><\/p>\n<p>[\/vc_column_text][vc_column_text]<\/p>\n<p style=\"text-align: center;\"><span style=\"font-weight: 400;\">El primer cava que elaboramos. Variedades tradicionales con la Xarel\u00b7lo como base fruto de la experiencia. Un cava fresco y bien definido.<\/span><\/p>\n<p>[\/vc_column_text][vc_empty_space]\t\t<\/div>\n\t<\/div>\n\t<\/div><\/div>[\/vc_column_inner][vc_column_inner offset=\u00bbvc_col-lg-4 vc_col-md-12&#8243;]<div class=\"eltdf-elements-holder eltdf-responsive-mode-768\" ><div class=\"eltdf-eh-item \" data-item-class=\"eltdf-eh-custom-955065\" data-1024-1280=\"0 15px 0 15px\" data-480=\"0 15px 0 15px\" >\n\t<div class=\"eltdf-eh-item-inner\" >\n\t\t<div class=\"eltdf-eh-item-content eltdf-eh-custom-955065\" style=\"padding: 0 50px 0 50px\">\n\t\t\t[vc_single_image image=\u00bb27623&#8243; img_size=\u00bbfull\u00bb alignment=\u00bbcenter\u00bb onclick=\u00bbcustom_link\u00bb][vc_empty_space height=\u00bb20px\u00bb][vc_column_text]<\/p>\n<h5>P\u00c9T-NAT PNT-NR<\/h5>\n<p>[\/vc_column_text][vc_column_text css=\u00bb\u00bb]<\/p>\n<h6><span style=\"color: #a29e0b;\">2024<\/span><\/h6>\n<p>[\/vc_column_text][vc_btn title=\u00bbFitxa t\u00e8cnica\u00bb style=\u00bboutline-custom\u00bb outline_custom_color=\u00bb#666666&#8243; outline_custom_hover_background=\u00bb#666666&#8243; outline_custom_hover_text=\u00bb#ffffff\u00bb shape=\u00bbsquare\u00bb size=\u00bbxs\u00bb css=\u00bb.vc_custom_1757413887978{padding-top: 10px !important;}\u00bb link=\u00bburl:https%3A%2F%2Fvinselcep.com%2Ffitxes%2FPET-NAT%2FPetnat_pinot_2024_es.pdf|title:Fitxa%20t%C3%A9cnica%20l&#8217;Alzinar%20Brut%20Reserva|target:_blank|rel:nofollow\u00bb][vc_empty_space height=\u00bb10px\u00bb][vc_column_text css=\u00bb\u00bb]<\/p>\n<p style=\"text-align: center;\"><em><span style=\"font-weight: 400;\">100% Pinot Noir&nbsp;<\/span><\/em><\/p>\n<p>[\/vc_column_text][vc_column_text]<\/p>\n<p style=\"text-align: center;\"><span style=\"font-weight: 400;\">Vino espumoso fresco y de gran vivacidad. Color rosado p\u00e1lido brillante. Tiene una nariz delicada con notas de fruta roja con recuerdos a fresa Roja y ligeros tostados.<\/span><\/p>\n<p>[\/vc_column_text][vc_empty_space]\t\t<\/div>\n\t<\/div>\n\t<\/div><\/div>[\/vc_column_inner][\/vc_row_inner][vc_row_inner row_content_width=\u00bbgrid\u00bb content_text_aligment=\u00bbcenter\u00bb][vc_column_inner offset=\u00bbvc_col-lg-4 vc_col-md-12&#8243;]<div class=\"eltdf-elements-holder eltdf-responsive-mode-768\" ><div class=\"eltdf-eh-item \" data-item-class=\"eltdf-eh-custom-734585\" data-1024-1280=\"0 18px 0 18px\" >\n\t<div class=\"eltdf-eh-item-inner\" >\n\t\t<div class=\"eltdf-eh-item-content eltdf-eh-custom-734585\" style=\"padding: 0 45px 0 45px\">\n\t\t\t[vc_single_image image=\u00bb27620&#8243; img_size=\u00bbfull\u00bb alignment=\u00bbcenter\u00bb onclick=\u00bbcustom_link\u00bb][vc_empty_space height=\u00bb20px\u00bb][vc_column_text css=\u00bb\u00bb]<\/p>\n<h5><a href=\"https:\/\/vinselcep.com\/es\/botiga-cava-vins-enoturisme-barcelona\/cava-es\/pet-nat-xarello\/\">P\u00c9T-NAT XRL\u00b7LO<\/a><\/h5>\n<p>[\/vc_column_text][vc_column_text]<\/p>\n<h6><span style=\"color: #a29e0b;\">2023<\/span><\/h6>\n<p>[\/vc_column_text][vc_btn title=\u00bbFitxa t\u00e8cnica\u00bb style=\u00bboutline-custom\u00bb outline_custom_color=\u00bb#666666&#8243; outline_custom_hover_background=\u00bb#666666&#8243; outline_custom_hover_text=\u00bb#ffffff\u00bb shape=\u00bbsquare\u00bb size=\u00bbxs\u00bb css=\u00bb.vc_custom_1757413918708{padding-top: 10px !important;}\u00bb link=\u00bburl:https%3A%2F%2Fvinselcep.com%2Ffitxes%2FPET-NAT%2FPetnat_Xarel%25C2%25B7lo_2023_es.pdf|title:Fitxa%20t%C3%A9cnica%20Brut%20Nature%20Reserva|target:_blank|rel:nofollow\u00bb][vc_empty_space height=\u00bb10px\u00bb][vc_column_text css=\u00bb\u00bb]<\/p>\n<p style=\"text-align: center;\"><em><span style=\"font-weight: 400;\">100% Xarel\u00b7lo&nbsp;<\/span><\/em><\/p>\n<p>[\/vc_column_text][vc_column_text]<\/p>\n<p style=\"text-align: center;\"><span style=\"font-weight: 400;\">Vino espumoso fresco y de gran vivacidad. Color amarillo p\u00e1lido brillante. Tiene una nariz delicada con notas de fruta blanca y toques c\u00edtricos que sugieren mucha frescura.<\/span><\/p>\n<p>[\/vc_column_text][vc_empty_space]\t\t<\/div>\n\t<\/div>\n\t<\/div><\/div>[\/vc_column_inner][vc_column_inner offset=\u00bbvc_col-lg-4 vc_col-md-12&#8243;]<div class=\"eltdf-elements-holder eltdf-responsive-mode-768\" ><div class=\"eltdf-eh-item \" data-item-class=\"eltdf-eh-custom-712081\" data-1024-1280=\"0 15px 0 15px\" data-480=\"0 15px 0 15px\" >\n\t<div class=\"eltdf-eh-item-inner\" >\n\t\t<div class=\"eltdf-eh-item-content eltdf-eh-custom-712081\" style=\"padding: 0 50px 0 50px\">\n\t\t\t\t\t<\/div>\n\t<\/div>\n\t<\/div><\/div>[\/vc_column_inner][vc_column_inner offset=\u00bbvc_col-lg-4 vc_col-md-12&#8243;]<div class=\"eltdf-elements-holder eltdf-responsive-mode-768\" ><div class=\"eltdf-eh-item \" data-item-class=\"eltdf-eh-custom-701676\" data-1024-1280=\"0 15px 0 15px\" data-480=\"0 15px 0 15px\" >\n\t<div class=\"eltdf-eh-item-inner\" >\n\t\t<div class=\"eltdf-eh-item-content eltdf-eh-custom-701676\" style=\"padding: 0 50px 0 50px\">\n\t\t\t\t\t<\/div>\n\t<\/div>\n\t<\/div><\/div>[\/vc_column_inner][\/vc_row_inner][vc_empty_space height=\u00bb35px\u00bb][vc_separator][\/vc_column][\/vc_row][vc_row row_content_width=\u00bbgrid\u00bb content_text_aligment=\u00bbcenter\u00bb css=\u00bb.vc_custom_1607604086329{padding-top: 60px !important;padding-bottom: 60px !important;}\u00bb el_id=\u00bbnuestrosvinos\u00bb][vc_column]<div class=\"eltdf-section-title-holder\" >\n\t\t\t<h2 class=\"eltdf-st-title\" >\n\t\t\t<span>Nuestros Vinos<\/span>\n\t\t<\/h2>\n                    <div class=\"eltdf-st-separator clearfix\">\n                <div class=\"eltdf-separator\" ><\/div>\n            <\/div>\n        \t\t\t\t<h4 class=\"eltdf-st-subtitle\" >\n\t\t<span>Descubre nuestros vinos ecol\u00f3gicos y biodin\u00e1micos<\/span>\n\t\t<\/h4>\n\t\t<\/div>[\/vc_column][\/vc_row][vc_row css=\u00bb.vc_custom_1607692734522{padding-bottom: 108px !important;}\u00bb el_class=\u00bbcolleccio\u00bb][vc_column][vc_row_inner row_content_width=\u00bbgrid\u00bb content_text_aligment=\u00bbcenter\u00bb][vc_column_inner offset=\u00bbvc_col-lg-4 vc_col-md-12&#8243;]<div class=\"eltdf-elements-holder eltdf-responsive-mode-768\" ><div class=\"eltdf-eh-item \" data-item-class=\"eltdf-eh-custom-943671\" data-1024-1280=\"0 18px 0 18px\" >\n\t<div class=\"eltdf-eh-item-inner\" >\n\t\t<div class=\"eltdf-eh-item-content eltdf-eh-custom-943671\" style=\"padding: 0 45px 0 45px\">\n\t\t\t[vc_single_image image=\u00bb13933&#8243; img_size=\u00bbfull\u00bb alignment=\u00bbcenter\u00bb onclick=\u00bbcustom_link\u00bb link=\u00bbhttps:\/\/vinselcep.com\/es\/producto\/clot-del-roure\/\u00bb][vc_empty_space height=\u00bb20px\u00bb][vc_column_text]<\/p>\n<h5><a href=\"https:\/\/vinselcep.com\/producte\/clot-del-roure\/\">Clot del Roure<\/a><\/h5>\n<p>[\/vc_column_text][vc_column_text css=\u00bb\u00bb]<\/p>\n<h6><span style=\"color: #a29e0b;\">2024<\/span><\/h6>\n<p>[\/vc_column_text][vc_btn title=\u00bbFicha t\u00e9cnica\u00bb style=\u00bboutline-custom\u00bb outline_custom_color=\u00bb#666666&#8243; outline_custom_hover_background=\u00bb#666666&#8243; outline_custom_hover_text=\u00bb#ffffff\u00bb shape=\u00bbsquare\u00bb size=\u00bbxs\u00bb css=\u00bb.vc_custom_1764243437437{padding-top: 10px !important;}\u00bb link=\u00bburl:https%3A%2F%2Fvinselcep.com%2Ffitxes%2FVINS%2Fclotdelroure_2024_es.pdf|title:Ficha%20t%C3%A9cnica%20Clot%20del%20Roure|target:_blank|rel:nofollow\u00bb][vc_empty_space height=\u00bb10px\u00bb][vc_column_text]<\/p>\n<p style=\"text-align: center;\"><em><span style=\"font-weight: 400;\">100% Xarel\u00b7lo<\/span><\/em><\/p>\n<p>[\/vc_column_text][vc_column_text]<\/p>\n<p style=\"text-align: center;\"><span style=\"font-weight: 400;\">Fermentaci\u00f3n en barrica, vino de terru\u00f1o de vi\u00f1as viejas. Esta vi\u00f1a de 70 a\u00f1os de ra\u00edces profundas y suelo calc\u00e1reo aporta la m\u00e1xima expresi\u00f3n del Xarel\u00b7lo. Pura elegancia y riqueza de matices.<\/span><\/p>\n<p>[\/vc_column_text][vc_empty_space]\t\t<\/div>\n\t<\/div>\n\t<\/div><\/div>[\/vc_column_inner][vc_column_inner offset=\u00bbvc_col-lg-4 vc_col-md-12&#8243;]<div class=\"eltdf-elements-holder eltdf-responsive-mode-768\" ><div class=\"eltdf-eh-item \" data-item-class=\"eltdf-eh-custom-787041\" data-1024-1280=\"0 15px 0 15px\" data-480=\"0 15px 0 15px\" >\n\t<div class=\"eltdf-eh-item-inner\" >\n\t\t<div class=\"eltdf-eh-item-content eltdf-eh-custom-787041\" style=\"padding: 0 50px 0 50px\">\n\t\t\t[vc_single_image image=\u00bb18443&#8243; img_size=\u00bbfull\u00bb alignment=\u00bbcenter\u00bb onclick=\u00bbcustom_link\u00bb link=\u00bbhttps:\/\/vinselcep.com\/es\/producto\/pla-del-bosc\/\u00bb][vc_empty_space height=\u00bb20px\u00bb][vc_column_text]<\/p>\n<h5 style=\"text-align: center;\"><a href=\"https:\/\/vinselcep.com\/producte\/pla-del-bosc\/\">Pla del Bosc<\/a><\/h5>\n<p>[\/vc_column_text][vc_column_text]<\/p>\n<h6 style=\"text-align: center;\"><span style=\"color: #a29e0b;\">2022<\/span><\/h6>\n<p>[\/vc_column_text][vc_btn title=\u00bbFicha t\u00e9cnica\u00bb style=\u00bboutline-custom\u00bb outline_custom_color=\u00bb#666666&#8243; outline_custom_hover_background=\u00bb#666666&#8243; outline_custom_hover_text=\u00bb#ffffff\u00bb shape=\u00bbsquare\u00bb size=\u00bbxs\u00bb align=\u00bbcenter\u00bb css=\u00bb.vc_custom_1757414059330{padding-top: 10px !important;}\u00bb link=\u00bburl:https%3A%2F%2Fvinselcep.com%2Ffitxes%2FVINS%2Fpladelbosc_2022_es.pdf|title:Ficha%20t%C3%A9cnica%20Pla%20del%20Bosc|target:_blank|rel:nofollow\u00bb][vc_empty_space height=\u00bb10px\u00bb][vc_column_text]<\/p>\n<p style=\"text-align: center;\"><em><span style=\"font-weight: 400;\">100% Xarel\u00b7lo Vermell<\/span><\/em><\/p>\n<p>[\/vc_column_text][vc_column_text]<\/p>\n<p style=\"text-align: center;\">Pla del Bosc es el primer vino tranquilo que elaboramos utilizando el huevo de hormig\u00f3n durante la parte final de la fermentaci\u00f3n y su posterior crianza. La forma de huevo y la estructura del hormig\u00f3n, nos ayuda a mantener las madres en suspensi\u00f3n y conseguir un vino m\u00e1s expresivo, con m\u00e1s personalidad y m\u00e1s car\u00e1cter. Tambi\u00e9n elaboramos una parte brisada para conseguir m\u00e1s complejidad. El resultado es un vino de m\u00ednima intervenci\u00f3n donde conseguimos expresar la singularidad del Xarel\u00b7lo Vermell y mantener la tipicidad de la variedad.<\/p>\n<p>[\/vc_column_text][vc_empty_space]\t\t<\/div>\n\t<\/div>\n\t<\/div><\/div>[\/vc_column_inner][vc_column_inner offset=\u00bbvc_col-lg-4 vc_col-md-12&#8243;]<div class=\"eltdf-elements-holder eltdf-responsive-mode-768\" ><div class=\"eltdf-eh-item \" data-item-class=\"eltdf-eh-custom-708428\" data-1024-1280=\"0 15px 0 15px\" data-480=\"0 15px 0 15px\" >\n\t<div class=\"eltdf-eh-item-inner\" >\n\t\t<div class=\"eltdf-eh-item-content eltdf-eh-custom-708428\" style=\"padding: 0 50px 0 50px\">\n\t\t\t[vc_single_image image=\u00bb17595&#8243; img_size=\u00bbfull\u00bb alignment=\u00bbcenter\u00bb onclick=\u00bbcustom_link\u00bb link=\u00bbhttps:\/\/vinselcep.com\/es\/producto\/raco-de-camps\/\u00bb][vc_empty_space height=\u00bb20px\u00bb][vc_column_text]<\/p>\n<h5><a href=\"https:\/\/vinselcep.com\/producte\/raco-de-camps\/\">Rac\u00f3 de Camps<\/a><\/h5>\n<p>[\/vc_column_text][vc_column_text css=\u00bb\u00bb]<\/p>\n<h6><span style=\"color: #a29e0b;\">2024<\/span><\/h6>\n<p>[\/vc_column_text][vc_btn title=\u00bbFicha t\u00e9cnica\u00bb style=\u00bboutline-custom\u00bb outline_custom_color=\u00bb#666666&#8243; outline_custom_hover_background=\u00bb#666666&#8243; outline_custom_hover_text=\u00bb#ffffff\u00bb shape=\u00bbsquare\u00bb size=\u00bbxs\u00bb css=\u00bb.vc_custom_1764843725779{padding-top: 10px !important;}\u00bb link=\u00bburl:https%3A%2F%2Fvinselcep.com%2Ffitxes%2FVINS%2Fracodecamps_2024_es.pdf|title:Ficha%20t%C3%A9cnica%20Rac%C3%B3%20de%20Camps|target:_blank|rel:nofollow\u00bb][vc_empty_space height=\u00bb10px\u00bb][vc_column_text]<\/p>\n<p style=\"text-align: center;\"><em><span style=\"font-weight: 400;\">100% Pinot Noir<\/span><\/em><\/p>\n<p>[\/vc_column_text][vc_column_text]<\/p>\n<p style=\"text-align: center;\"><span style=\"font-weight: 400;\">Fermentaci\u00f3n y maceraci\u00f3n en barrica de 600l durante 15 d\u00edas. Crianza en botas de roble franc\u00e9s de 250l. de tercer y cuarto a\u00f1o durante 9 meses. Mineral, redondo y muy elegante. <\/span><\/p>\n<p>[\/vc_column_text][vc_empty_space]\t\t<\/div>\n\t<\/div>\n\t<\/div><\/div>[\/vc_column_inner][\/vc_row_inner][vc_row_inner row_content_width=\u00bbgrid\u00bb content_text_aligment=\u00bbcenter\u00bb][vc_column_inner offset=\u00bbvc_col-lg-4 vc_col-md-12&#8243;]<div class=\"eltdf-elements-holder eltdf-responsive-mode-768\" ><div class=\"eltdf-eh-item \" data-item-class=\"eltdf-eh-custom-485639\" data-1024-1280=\"0 15px 0 15px\" data-480=\"0 15px 0 15px\" >\n\t<div class=\"eltdf-eh-item-inner\" >\n\t\t<div class=\"eltdf-eh-item-content eltdf-eh-custom-485639\" style=\"padding: 0 50px 0 50px\">\n\t\t\t[vc_single_image image=\u00bb34468&#8243; img_size=\u00bbfull\u00bb alignment=\u00bbcenter\u00bb onclick=\u00bbcustom_link\u00bb link=\u00bbhttps:\/\/vinselcep.com\/es\/producto\/clot-del-roure-brisat\/\u00bb][vc_empty_space height=\u00bb20px\u00bb][vc_column_text]<\/p>\n<h5><a href=\"https:\/\/vinselcep.com\/producte\/clot-del-roure-brisat\/\">Brisats<\/a><\/h5>\n<p>[\/vc_column_text][vc_column_text]<\/p>\n<h6><span style=\"color: #a29e0b;\">2023<\/span><\/h6>\n<p>[\/vc_column_text][vc_btn title=\u00bbFicha t\u00e9cnica\u00bb style=\u00bboutline-custom\u00bb outline_custom_color=\u00bb#666666&#8243; outline_custom_hover_background=\u00bb#666666&#8243; outline_custom_hover_text=\u00bb#ffffff\u00bb shape=\u00bbsquare\u00bb size=\u00bbxs\u00bb css=\u00bb.vc_custom_1757414105139{padding-top: 10px !important;}\u00bb link=\u00bburl:https%3A%2F%2Fvinselcep.com%2Ffitxes%2FVINS%2FBrisats_2023_es.pdf|title:Ficha%20t%C3%A9cnica%20Clot%20del%20Roure%20Brisat|target:_blank|rel:nofollow\u00bb][vc_empty_space height=\u00bb10px\u00bb][vc_column_text css=\u00bb\u00bb]<\/p>\n<p style=\"text-align: center;\"><em><span style=\"font-weight: 400;\">50% Xarel\u00b7lo, 50% Xarel\u00b7lo Vermell<\/span><\/em><\/p>\n<p>[\/vc_column_text][vc_column_text]<\/p>\n<p style=\"text-align: center;\">De color amarillo dorado con reflejos anaranjados. En nariz nos da aromas de frutas blancas maduras, con toques de flores blancas acompa\u00f1adas por notas anisadas y recuerdos vegetales. En boca es c\u00e1lido, amplio y equilibrado. A pesar de tener la fuerza de un vino brisado, es muy delicado.<\/p>\n<p>[\/vc_column_text][vc_empty_space]\t\t<\/div>\n\t<\/div>\n\t<\/div><\/div>[\/vc_column_inner][vc_column_inner offset=\u00bbvc_col-lg-4 vc_col-md-12&#8243;]<div class=\"eltdf-elements-holder eltdf-responsive-mode-768\" ><div class=\"eltdf-eh-item \" data-item-class=\"eltdf-eh-custom-595705\" data-1024-1280=\"0 15px 0 15px\" data-480=\"0 15px 0 15px\" >\n\t<div class=\"eltdf-eh-item-inner\" >\n\t\t<div class=\"eltdf-eh-item-content eltdf-eh-custom-595705\" style=\"padding: 0 50px 0 50px\">\n\t\t\t[vc_single_image image=\u00bb34714&#8243; img_size=\u00bbfull\u00bb alignment=\u00bbcenter\u00bb onclick=\u00bbcustom_link\u00bb link=\u00bbhttps:\/\/vinselcep.com\/es\/producto\/clot-del-roure-brisat\/\u00bb][vc_empty_space height=\u00bb20px\u00bb][vc_column_text css=\u00bb\u00bb]<\/p>\n<h5><a href=\"https:\/\/vinselcep.com\/es\/botiga-cava-vins-enoturisme-barcelona\/vino-blanco\/les-madones\/\">Les Madones<\/a><\/h5>\n<p>[\/vc_column_text][vc_column_text]<\/p>\n<h6><span style=\"color: #a29e0b;\">2023<\/span><\/h6>\n<p>[\/vc_column_text][vc_btn title=\u00bbFicha t\u00e9cnica\u00bb style=\u00bboutline-custom\u00bb outline_custom_color=\u00bb#666666&#8243; outline_custom_hover_background=\u00bb#666666&#8243; outline_custom_hover_text=\u00bb#ffffff\u00bb shape=\u00bbsquare\u00bb size=\u00bbxs\u00bb css=\u00bb.vc_custom_1757414128438{padding-top: 10px !important;}\u00bb link=\u00bburl:https%3A%2F%2Fvinselcep.com%2Ffitxes%2FVINS%2Fles_madones_2023_es.pdf|title:Ficha%20t%C3%A9cnica%20Clot%20del%20Roure%20Brisat|target:_blank|rel:nofollow\u00bb][vc_empty_space height=\u00bb10px\u00bb][vc_column_text css=\u00bb\u00bb]<\/p>\n<p style=\"text-align: center;\"><em><span style=\"font-weight: 400;\">100% Malvasia de Sitges<\/span><\/em><\/p>\n<p>[\/vc_column_text][vc_column_text]<\/p>\n<p style=\"text-align: center;\">Las Madones es un homenaje a las mujeres de todos los tiempos que con su fuerza y su pasi\u00f3n han dado vida a esta tierra de vino, y han ayudado a hacer del vino una parte integral de nuestra cultura. Se ha realizado una maceraci\u00f3n carb\u00f3nica y posterior crianza en damajoanas, para explorar al m\u00e1ximo las caracter\u00edsticas que son propias de la variedad. El resultado es un vino muy singular de gran intensidad arom\u00e1tica y marcada acidez. Vino de m\u00ednima intervenci\u00f3n, sin filtrar.<\/p>\n<p>[\/vc_column_text][vc_empty_space]\t\t<\/div>\n\t<\/div>\n\t<\/div><\/div>[\/vc_column_inner][vc_column_inner offset=\u00bbvc_col-lg-4 vc_col-md-12&#8243;][\/vc_column_inner][\/vc_row_inner][vc_row_inner row_content_width=\u00bbgrid\u00bb content_text_aligment=\u00bbcenter\u00bb][vc_column_inner offset=\u00bbvc_col-lg-4 vc_col-md-12&#8243;]<div class=\"eltdf-elements-holder eltdf-responsive-mode-768\" ><div class=\"eltdf-eh-item \" data-item-class=\"eltdf-eh-custom-902655\" data-1024-1280=\"0 18px 0 18px\" >\n\t<div class=\"eltdf-eh-item-inner\" >\n\t\t<div class=\"eltdf-eh-item-content eltdf-eh-custom-902655\" style=\"padding: 0 45px 0 45px\">\n\t\t\t[vc_single_image image=\u00bb13682&#8243; img_size=\u00bbfull\u00bb alignment=\u00bbcenter\u00bb onclick=\u00bbcustom_link\u00bb link=\u00bbhttps:\/\/vinselcep.com\/es\/producto\/gr5-senders-xarelo-de-terrer\/\u00bb][vc_empty_space height=\u00bb20px\u00bb][vc_column_text]<\/p>\n<h5><a href=\"https:\/\/vinselcep.com\/producte\/gr5-senders-xarelo-de-terrer\/\">Gr5 Senders Xarel\u00b7lo de Terrer<\/a><\/h5>\n<p>[\/vc_column_text][vc_column_text]<\/p>\n<h6><span style=\"color: #a29e0b;\">2023<\/span><\/h6>\n<p>[\/vc_column_text][vc_btn title=\u00bbFicha t\u00e9cnica\u00bb style=\u00bboutline-custom\u00bb outline_custom_color=\u00bb#666666&#8243; outline_custom_hover_background=\u00bb#666666&#8243; outline_custom_hover_text=\u00bb#ffffff\u00bb shape=\u00bbsquare\u00bb size=\u00bbxs\u00bb css=\u00bb.vc_custom_1757414534026{padding-top: 10px !important;}\u00bb link=\u00bburl:https%3A%2F%2Fvinselcep.com%2Ffitxes%2FVINS%2Fgr5senders_xarelo_2023_es.pdf|title:Ficha%20t%C3%A9cnica%20Gr5%20Senders%20Xarelo|target:_blank|rel:nofollow\u00bb][vc_empty_space height=\u00bb10px\u00bb][vc_column_text]<\/p>\n<p style=\"text-align: center;\"><em><span style=\"font-weight: 400;\">100% Xarel\u00b7lo<\/span><\/em><\/p>\n<p>[\/vc_column_text][vc_column_text]<\/p>\n<p style=\"text-align: center;\"><span style=\"font-weight: 400;\">El GR5 es el sendero que atraviesa nuestras vi\u00f1as y el Xarel\u00b7lo la variedad reina de la zona. Vino de terru\u00f1o de vi\u00f1as viejas. Un vino fino y elegante que capta la identidad del terru\u00f1o.<\/span><\/p>\n<p>[\/vc_column_text][vc_empty_space]\t\t<\/div>\n\t<\/div>\n\t<\/div><\/div>[\/vc_column_inner][vc_column_inner offset=\u00bbvc_col-lg-4 vc_col-md-12&#8243;]<div class=\"eltdf-elements-holder eltdf-responsive-mode-768\" ><div class=\"eltdf-eh-item \" data-item-class=\"eltdf-eh-custom-747537\" data-1024-1280=\"0 15px 0 15px\" data-480=\"0 15px 0 15px\" >\n\t<div class=\"eltdf-eh-item-inner\" >\n\t\t<div class=\"eltdf-eh-item-content eltdf-eh-custom-747537\" style=\"padding: 0 50px 0 50px\">\n\t\t\t[vc_single_image image=\u00bb13679&#8243; img_size=\u00bbfull\u00bb alignment=\u00bbcenter\u00bb onclick=\u00bbcustom_link\u00bb link=\u00bbhttps:\/\/vinselcep.com\/es\/producto\/gr5-senders-negre-de-terrer\/\u00bb][vc_empty_space height=\u00bb20px\u00bb][vc_column_text]<\/p>\n<h5><a href=\"https:\/\/vinselcep.com\/producte\/gr5-senders-negre-de-terrer\/\">Gr5 Senders Negre de Terrer<\/a><\/h5>\n<p>[\/vc_column_text][vc_column_text css=\u00bb\u00bb]<\/p>\n<h6><span style=\"color: #a29e0b;\">2023<\/span><\/h6>\n<p>[\/vc_column_text][vc_btn title=\u00bbFicha t\u00e9cnica\u00bb style=\u00bboutline-custom\u00bb outline_custom_color=\u00bb#666666&#8243; outline_custom_hover_background=\u00bb#666666&#8243; outline_custom_hover_text=\u00bb#ffffff\u00bb shape=\u00bbsquare\u00bb size=\u00bbxs\u00bb css=\u00bb.vc_custom_1765975129909{padding-top: 10px !important;}\u00bb link=\u00bburl:https%3A%2F%2Fvinselcep.com%2Ffitxes%2FVINS%2Fgr5senders_negre_2023_es.pdf|title:Ficha%20t%C3%A9cnica%20Gr5%20Senders%20Negro|target:_blank|rel:nofollow\u00bb][vc_empty_space height=\u00bb10px\u00bb][vc_column_text]<\/p>\n<p style=\"text-align: center;\"><span style=\"font-weight: 400;\">Tempranillo, Cabernet, Merlot y Syrah<\/span><\/p>\n<p>[\/vc_column_text][vc_column_text]<\/p>\n<p style=\"text-align: center;\"><span style=\"font-weight: 400;\">El GR5 es el sendero que atraviesa nuestras vi\u00f1as que reflejar\u00e1n la originalidad de este vino de terru\u00f1o de vi\u00f1as viejas. Armon\u00eda y expresi\u00f3n m\u00e1xima del lugar de donde procede.<\/span><\/p>\n<p>[\/vc_column_text][vc_empty_space]\t\t<\/div>\n\t<\/div>\n\t<\/div><\/div>[\/vc_column_inner][\/vc_row_inner][vc_row_inner row_content_width=\u00bbgrid\u00bb content_text_aligment=\u00bbcenter\u00bb][vc_column_inner offset=\u00bbvc_col-lg-4 vc_col-md-12&#8243;]<div class=\"eltdf-elements-holder eltdf-responsive-mode-768\" ><div class=\"eltdf-eh-item \" data-item-class=\"eltdf-eh-custom-616937\" data-1024-1280=\"0 18px 0 18px\" >\n\t<div class=\"eltdf-eh-item-inner\" >\n\t\t<div class=\"eltdf-eh-item-content eltdf-eh-custom-616937\" style=\"padding: 0 45px 0 45px\">\n\t\t\t[vc_single_image image=\u00bb13685&#8243; img_size=\u00bbfull\u00bb alignment=\u00bbcenter\u00bb onclick=\u00bbcustom_link\u00bb link=\u00bbhttps:\/\/vinselcep.com\/producte\/ot-blanc-de-terrer\/\u00bb][vc_empty_space height=\u00bb20px\u00bb][vc_column_text]<\/p>\n<h5><a href=\"https:\/\/vinselcep.com\/producte\/ot-blanc-de-terrer\/\">Ot de Vins El Cep Blanc de Terrer<\/a><\/h5>\n<p>[\/vc_column_text][vc_column_text css=\u00bb\u00bb]<\/p>\n<h6><span style=\"color: #a29e0b;\">2024<\/span><\/h6>\n<p>[\/vc_column_text][vc_btn title=\u00bbFicha t\u00e9cnica\u00bb style=\u00bboutline-custom\u00bb outline_custom_color=\u00bb#666666&#8243; outline_custom_hover_background=\u00bb#666666&#8243; outline_custom_hover_text=\u00bb#ffffff\u00bb shape=\u00bbsquare\u00bb size=\u00bbxs\u00bb css=\u00bb.vc_custom_1764775687249{padding-top: 10px !important;}\u00bb link=\u00bburl:https%3A%2F%2Fvinselcep.com%2Ffitxes%2FVINS%2Fot_blanc_2024_es.pdf|title:Ficha%20t%C3%A9cnica%20Ot%20Blanco%20de%20Terrer|target:_blank|rel:nofollow\u00bb][vc_empty_space height=\u00bb10px\u00bb][vc_column_text]<\/p>\n<p style=\"text-align: center;\"><em><span style=\"font-weight: 400;\">100% Xarel\u00b7lo<\/span><\/em><\/p>\n<p>[\/vc_column_text][vc_column_text]<\/p>\n<p style=\"text-align: center;\"><span style=\"font-weight: 400;\">Vino blanco de terru\u00f1o con un marcado car\u00e1cter mediterr\u00e1neo por su frescura e intensidad arom\u00e1tica. Elaborado con uva de los terru\u00f1os de Can Miquel de les Planes y Can Prats. Embotellado en la propiedad.<\/span><\/p>\n<p>[\/vc_column_text][vc_empty_space]\t\t<\/div>\n\t<\/div>\n\t<\/div><\/div>[\/vc_column_inner][vc_column_inner offset=\u00bbvc_col-lg-4 vc_col-md-12&#8243;]<div class=\"eltdf-elements-holder eltdf-responsive-mode-768\" ><div class=\"eltdf-eh-item \" data-item-class=\"eltdf-eh-custom-253903\" data-1024-1280=\"0 15px 0 15px\" data-480=\"0 15px 0 15px\" >\n\t<div class=\"eltdf-eh-item-inner\" >\n\t\t<div class=\"eltdf-eh-item-content eltdf-eh-custom-253903\" style=\"padding: 0 50px 0 50px\">\n\t\t\t[vc_single_image image=\u00bb13691&#8243; img_size=\u00bbfull\u00bb alignment=\u00bbcenter\u00bb onclick=\u00bbcustom_link\u00bb link=\u00bbhttps:\/\/vinselcep.com\/es\/producto\/ot-rosat-de-terrer\/\u00bb][vc_empty_space height=\u00bb20px\u00bb][vc_column_text]<\/p>\n<h5><a href=\"https:\/\/vinselcep.com\/producte\/ot-rosat-de-terrer\/\">Ot de Vins el Cep Rosat de Terrer<\/a><\/h5>\n<p>[\/vc_column_text][vc_column_text css=\u00bb\u00bb]<\/p>\n<h6><span style=\"color: #a29e0b;\">2025<\/span><\/h6>\n<p>[\/vc_column_text][vc_btn title=\u00bbFicha t\u00e9cnica\u00bb style=\u00bboutline-custom\u00bb outline_custom_color=\u00bb#666666&#8243; outline_custom_hover_background=\u00bb#666666&#8243; outline_custom_hover_text=\u00bb#ffffff\u00bb shape=\u00bbsquare\u00bb size=\u00bbxs\u00bb css=\u00bb.vc_custom_1765977299033{padding-top: 10px !important;}\u00bb link=\u00bburl:https%3A%2F%2Fvinselcep.com%2Ffitxes%2FVINS%2Fot_rosat_2025_es.pdf|title:Ficha%20t%C3%A9cnica%20Ot%20Rosado%20de%20Terrer|target:_blank|rel:nofollow\u00bb][vc_empty_space height=\u00bb10px\u00bb][vc_column_text]<\/p>\n<p style=\"text-align: center;\"><em><span style=\"font-weight: 400;\">100% Pinot Noir<\/span><\/em><\/p>\n<p>[\/vc_column_text][vc_column_text]<\/p>\n<p style=\"text-align: center;\"><span style=\"font-weight: 400;\">Vino rosado de terru\u00f1o con marcado car\u00e1cter mediterr\u00e1neo por su frescura e intensidad arom\u00e1tica. La Pinot Noir aporta fruta y complejidad. Elaborado con uva de los terru\u00f1os de Can Prats. Embotellado en la propiedad.<\/span><\/p>\n<p>[\/vc_column_text][vc_empty_space]\t\t<\/div>\n\t<\/div>\n\t<\/div><\/div>[\/vc_column_inner][vc_column_inner offset=\u00bbvc_col-lg-4 vc_col-md-12&#8243;]<div class=\"eltdf-elements-holder eltdf-responsive-mode-768\" ><div class=\"eltdf-eh-item \" data-item-class=\"eltdf-eh-custom-439748\" data-1024-1280=\"0 15px 0 15px\" data-480=\"0 15px 0 15px\" >\n\t<div class=\"eltdf-eh-item-inner\" >\n\t\t<div class=\"eltdf-eh-item-content eltdf-eh-custom-439748\" style=\"padding: 0 50px 0 50px\">\n\t\t\t[vc_single_image image=\u00bb13688&#8243; img_size=\u00bbfull\u00bb alignment=\u00bbcenter\u00bb onclick=\u00bbcustom_link\u00bb link=\u00bbhttps:\/\/vinselcep.com\/es\/producto\/ot-negre-de-terrer\/\u00bb][vc_empty_space height=\u00bb20px\u00bb][vc_column_text]<\/p>\n<h5><a href=\"https:\/\/vinselcep.com\/producte\/ot-negre-de-terrer\/\">Ot de Vins El Cep Negre de Terrer<\/a><\/h5>\n<p>[\/vc_column_text][vc_column_text css=\u00bb\u00bb]<\/p>\n<h6><span style=\"color: #a29e0b;\">2024<\/span><\/h6>\n<p>[\/vc_column_text][vc_btn title=\u00bbFicha t\u00e9cnica\u00bb style=\u00bboutline-custom\u00bb outline_custom_color=\u00bb#666666&#8243; outline_custom_hover_background=\u00bb#666666&#8243; outline_custom_hover_text=\u00bb#ffffff\u00bb shape=\u00bbsquare\u00bb size=\u00bbxs\u00bb css=\u00bb.vc_custom_1764853875434{padding-top: 10px !important;}\u00bb link=\u00bburl:https%3A%2F%2Fvinselcep.com%2Ffitxes%2FVINS%2Fot_negre_2024_es.pdf|title:Ficha%20t%C3%A9cnica%20Ot%20Negro%20de%20Terrer|target:_blank|rel:nofollow\u00bb][vc_empty_space height=\u00bb10px\u00bb][vc_column_text]<\/p>\n<p style=\"text-align: center;\"><span style=\"font-weight: 400;\">Tempranillo, Cabernet, Merlot y Syrah<\/span><\/p>\n<p>[\/vc_column_text][vc_column_text]<\/p>\n<p style=\"text-align: center;\"><span style=\"font-weight: 400;\">Vino tinto de terru\u00f1o con marcado car\u00e1cter mediterr\u00e1neo por su frescura e intensidad arom\u00e1tica. Elaborado con uva de los terru\u00f1os de Can Prats, Can Miquel de les Planes y Can Castany. Embotellado en la propiedad.<\/span><\/p>\n<p>[\/vc_column_text][vc_empty_space]\t\t<\/div>\n\t<\/div>\n\t<\/div><\/div>[\/vc_column_inner][\/vc_row_inner][\/vc_column][\/vc_row]<\/p>\n<\/div>","protected":false},"excerpt":{"rendered":"<p>[vc_row row_content_width=\u00bbgrid\u00bb content_text_aligment=\u00bbcenter\u00bb css=\u00bb.vc_custom_1621496663835{padding-top: 147px !important;padding-bottom: 60px !important;}\u00bb el_id=\u00bbnuestroscavas\u00bb][vc_column][\/vc_column][\/vc_row][vc_row css=\u00bb.vc_custom_1607680208240{padding-bottom: 108px !important;}\u00bb el_class=\u00bbcolleccio\u00bb][vc_column][vc_row_inner row_content_width=\u00bbgrid\u00bb content_text_aligment=\u00bbcenter\u00bb][vc_column_inner offset=\u00bbvc_col-lg-4 vc_col-md-12&#8243;][\/vc_column_inner][vc_column_inner offset=\u00bbvc_col-lg-4 vc_col-md-12&#8243;][\/vc_column_inner][vc_column_inner offset=\u00bbvc_col-lg-4 vc_col-md-12&#8243;][\/vc_column_inner][\/vc_row_inner][vc_row_inner row_content_width=\u00bbgrid\u00bb content_text_aligment=\u00bbcenter\u00bb][vc_column_inner offset=\u00bbvc_col-lg-4 vc_col-md-12&#8243;][\/vc_column_inner][vc_column_inner offset=\u00bbvc_col-lg-4 vc_col-md-12&#8243;][\/vc_column_inner][vc_column_inner offset=\u00bbvc_col-lg-4 vc_col-md-12&#8243;][\/vc_column_inner][\/vc_row_inner][vc_row_inner row_content_width=\u00bbgrid\u00bb content_text_aligment=\u00bbcenter\u00bb][vc_column_inner offset=\u00bbvc_col-lg-4 vc_col-md-12&#8243;][\/vc_column_inner][vc_column_inner offset=\u00bbvc_col-lg-4 vc_col-md-12&#8243;][\/vc_column_inner][\/vc_row_inner][vc_row_inner row_content_width=\u00bbgrid\u00bb content_text_aligment=\u00bbcenter\u00bb][vc_column_inner offset=\u00bbvc_col-lg-4 vc_col-md-12&#8243;][\/vc_column_inner][vc_column_inner offset=\u00bbvc_col-lg-4 vc_col-md-12&#8243;][\/vc_column_inner][vc_column_inner offset=\u00bbvc_col-lg-4 vc_col-md-12&#8243;][\/vc_column_inner][\/vc_row_inner][vc_row_inner row_content_width=\u00bbgrid\u00bb content_text_aligment=\u00bbcenter\u00bb][vc_column_inner offset=\u00bbvc_col-lg-4 vc_col-md-12&#8243;][\/vc_column_inner][vc_column_inner offset=\u00bbvc_col-lg-4 vc_col-md-12&#8243;][\/vc_column_inner][vc_column_inner offset=\u00bbvc_col-lg-4 vc_col-md-12&#8243;][\/vc_column_inner][\/vc_row_inner][vc_empty_space height=\u00bb35px\u00bb][vc_separator][\/vc_column][\/vc_row][vc_row row_content_width=\u00bbgrid\u00bb content_text_aligment=\u00bbcenter\u00bb css=\u00bb.vc_custom_1607604086329{padding-top: 60px !important;padding-bottom: 60px !important;}\u00bb el_id=\u00bbnuestrosvinos\u00bb][vc_column][\/vc_column][\/vc_row][vc_row css=\u00bb.vc_custom_1607692734522{padding-bottom: 108px !important;}\u00bb el_class=\u00bbcolleccio\u00bb][vc_column][vc_row_inner row_content_width=\u00bbgrid\u00bb content_text_aligment=\u00bbcenter\u00bb][vc_column_inner offset=\u00bbvc_col-lg-4 vc_col-md-12&#8243;][\/vc_column_inner][vc_column_inner offset=\u00bbvc_col-lg-4 vc_col-md-12&#8243;][\/vc_column_inner][vc_column_inner offset=\u00bbvc_col-lg-4 vc_col-md-12&#8243;][\/vc_column_inner][\/vc_row_inner][vc_row_inner row_content_width=\u00bbgrid\u00bb content_text_aligment=\u00bbcenter\u00bb][vc_column_inner offset=\u00bbvc_col-lg-4 vc_col-md-12&#8243;][\/vc_column_inner][vc_column_inner offset=\u00bbvc_col-lg-4 vc_col-md-12&#8243;][\/vc_column_inner][vc_column_inner offset=\u00bbvc_col-lg-4 vc_col-md-12&#8243;][\/vc_column_inner][\/vc_row_inner][vc_row_inner row_content_width=\u00bbgrid\u00bb content_text_aligment=\u00bbcenter\u00bb][vc_column_inner offset=\u00bbvc_col-lg-4 vc_col-md-12&#8243;][\/vc_column_inner][vc_column_inner offset=\u00bbvc_col-lg-4 vc_col-md-12&#8243;][\/vc_column_inner][\/vc_row_inner][vc_row_inner row_content_width=\u00bbgrid\u00bb content_text_aligment=\u00bbcenter\u00bb][vc_column_inner offset=\u00bbvc_col-lg-4 vc_col-md-12&#8243;][\/vc_column_inner][vc_column_inner offset=\u00bbvc_col-lg-4 vc_col-md-12&#8243;][\/vc_column_inner][vc_column_inner offset=\u00bbvc_col-lg-4 vc_col-md-12&#8243;][\/vc_column_inner][\/vc_row_inner][\/vc_column][\/vc_row]<\/p>\n","protected":false},"author":2,"featured_media":0,"parent":0,"menu_order":0,"comment_status":"closed","ping_status":"closed","template":"full-width.php","meta":{"ngg_post_thumbnail":0,"footnotes":""},"class_list":["post-12911","page","type-page","status-publish","hentry"],"yoast_head":"<!-- This site is optimized with the Yoast SEO Premium plugin v26.9 (Yoast SEO v26.9) - https:\/\/yoast.com\/product\/yoast-seo-premium-wordpress\/ -->\n<title>Vinos y Cavas Ecol\u00f3gicos y Biodin\u00e1micos Pened\u00e9s | Vins el Cep<\/title>\n<meta name=\"description\" content=\"Elaboramos vinos y cavas ecol\u00f3gicos y biodin\u00e1micos al Pened\u00e9s. Entra en el apartado colecci\u00f3n y desc\u00fabrelos.\" \/>\n<meta name=\"robots\" content=\"index, follow, max-snippet:-1, max-image-preview:large, max-video-preview:-1\" \/>\n<link rel=\"canonical\" href=\"https:\/\/vinselcep.com\/es\/colleccio\/\" \/>\n<meta property=\"og:locale\" content=\"es_ES\" \/>\n<meta property=\"og:type\" content=\"article\" \/>\n<meta property=\"og:title\" content=\"Colecci\u00f3n\" \/>\n<meta property=\"og:description\" content=\"Elaboramos vinos y cavas ecol\u00f3gicos y biodin\u00e1micos al Pened\u00e9s. Entra en el apartado colecci\u00f3n y desc\u00fabrelos.\" \/>\n<meta property=\"og:url\" content=\"https:\/\/vinselcep.com\/es\/colleccio\/\" \/>\n<meta property=\"og:site_name\" content=\"Vins el Cep\" \/>\n<meta property=\"article:publisher\" content=\"https:\/\/ca-es.facebook.com\/VinselCep\/\" \/>\n<meta property=\"article:modified_time\" content=\"2025-12-17T13:15:38+00:00\" \/>\n<meta name=\"twitter:card\" content=\"summary_large_image\" \/>\n<meta name=\"twitter:site\" content=\"@vinselcep\" \/>\n<meta name=\"twitter:label1\" content=\"Tiempo de lectura\" \/>\n\t<meta name=\"twitter:data1\" content=\"9 minutos\" \/>\n<script type=\"application\/ld+json\" class=\"yoast-schema-graph\">{\"@context\":\"https:\/\/schema.org\",\"@graph\":[{\"@type\":\"WebPage\",\"@id\":\"https:\/\/vinselcep.com\/es\/colleccio\/\",\"url\":\"https:\/\/vinselcep.com\/es\/colleccio\/\",\"name\":\"Vinos y Cavas Ecol\u00f3gicos y Biodin\u00e1micos Pened\u00e9s | Vins el Cep\",\"isPartOf\":{\"@id\":\"https:\/\/vinselcep.com\/es\/#website\"},\"datePublished\":\"2020-11-14T23:47:42+00:00\",\"dateModified\":\"2025-12-17T13:15:38+00:00\",\"description\":\"Elaboramos vinos y cavas ecol\u00f3gicos y biodin\u00e1micos al Pened\u00e9s. Entra en el apartado colecci\u00f3n y desc\u00fabrelos.\",\"breadcrumb\":{\"@id\":\"https:\/\/vinselcep.com\/es\/colleccio\/#breadcrumb\"},\"inLanguage\":\"es\",\"potentialAction\":[{\"@type\":\"ReadAction\",\"target\":[\"https:\/\/vinselcep.com\/es\/colleccio\/\"]}]},{\"@type\":\"BreadcrumbList\",\"@id\":\"https:\/\/vinselcep.com\/es\/colleccio\/#breadcrumb\",\"itemListElement\":[{\"@type\":\"ListItem\",\"position\":1,\"name\":\"Inici\",\"item\":\"https:\/\/vinselcep.com\/es\/\"},{\"@type\":\"ListItem\",\"position\":2,\"name\":\"Colecci\u00f3n\"}]},{\"@type\":\"WebSite\",\"@id\":\"https:\/\/vinselcep.com\/es\/#website\",\"url\":\"https:\/\/vinselcep.com\/es\/\",\"name\":\"Vins el Cep\",\"description\":\"Viticultors des de 1448\",\"publisher\":{\"@id\":\"https:\/\/vinselcep.com\/es\/#organization\"},\"potentialAction\":[{\"@type\":\"SearchAction\",\"target\":{\"@type\":\"EntryPoint\",\"urlTemplate\":\"https:\/\/vinselcep.com\/es\/?s={search_term_string}\"},\"query-input\":{\"@type\":\"PropertyValueSpecification\",\"valueRequired\":true,\"valueName\":\"search_term_string\"}}],\"inLanguage\":\"es\"},{\"@type\":\"Organization\",\"@id\":\"https:\/\/vinselcep.com\/es\/#organization\",\"name\":\"Vins el Cep\",\"url\":\"https:\/\/vinselcep.com\/es\/\",\"logo\":{\"@type\":\"ImageObject\",\"inLanguage\":\"es\",\"@id\":\"https:\/\/vinselcep.com\/es\/#\/schema\/logo\/image\/\",\"url\":\"https:\/\/vinselcep.com\/wp-content\/uploads\/2020\/11\/logo-vinselcep-positiu.png\",\"contentUrl\":\"https:\/\/vinselcep.com\/wp-content\/uploads\/2020\/11\/logo-vinselcep-positiu.png\",\"width\":600,\"height\":379,\"caption\":\"Vins el Cep\"},\"image\":{\"@id\":\"https:\/\/vinselcep.com\/es\/#\/schema\/logo\/image\/\"},\"sameAs\":[\"https:\/\/ca-es.facebook.com\/VinselCep\/\",\"https:\/\/x.com\/vinselcep\",\"https:\/\/www.instagram.com\/vinselcep\/\"]}]}<\/script>\n<!-- \/ Yoast SEO Premium plugin. -->","yoast_head_json":{"title":"Vinos y Cavas Ecol\u00f3gicos y Biodin\u00e1micos Pened\u00e9s | Vins el Cep","description":"Elaboramos vinos y cavas ecol\u00f3gicos y biodin\u00e1micos al Pened\u00e9s. Entra en el apartado colecci\u00f3n y desc\u00fabrelos.","robots":{"index":"index","follow":"follow","max-snippet":"max-snippet:-1","max-image-preview":"max-image-preview:large","max-video-preview":"max-video-preview:-1"},"canonical":"https:\/\/vinselcep.com\/es\/colleccio\/","og_locale":"es_ES","og_type":"article","og_title":"Colecci\u00f3n","og_description":"Elaboramos vinos y cavas ecol\u00f3gicos y biodin\u00e1micos al Pened\u00e9s. Entra en el apartado colecci\u00f3n y desc\u00fabrelos.","og_url":"https:\/\/vinselcep.com\/es\/colleccio\/","og_site_name":"Vins el Cep","article_publisher":"https:\/\/ca-es.facebook.com\/VinselCep\/","article_modified_time":"2025-12-17T13:15:38+00:00","twitter_card":"summary_large_image","twitter_site":"@vinselcep","twitter_misc":{"Tiempo de lectura":"9 minutos"},"schema":{"@context":"https:\/\/schema.org","@graph":[{"@type":"WebPage","@id":"https:\/\/vinselcep.com\/es\/colleccio\/","url":"https:\/\/vinselcep.com\/es\/colleccio\/","name":"Vinos y Cavas Ecol\u00f3gicos y Biodin\u00e1micos Pened\u00e9s | Vins el Cep","isPartOf":{"@id":"https:\/\/vinselcep.com\/es\/#website"},"datePublished":"2020-11-14T23:47:42+00:00","dateModified":"2025-12-17T13:15:38+00:00","description":"Elaboramos vinos y cavas ecol\u00f3gicos y biodin\u00e1micos al Pened\u00e9s. Entra en el apartado colecci\u00f3n y desc\u00fabrelos.","breadcrumb":{"@id":"https:\/\/vinselcep.com\/es\/colleccio\/#breadcrumb"},"inLanguage":"es","potentialAction":[{"@type":"ReadAction","target":["https:\/\/vinselcep.com\/es\/colleccio\/"]}]},{"@type":"BreadcrumbList","@id":"https:\/\/vinselcep.com\/es\/colleccio\/#breadcrumb","itemListElement":[{"@type":"ListItem","position":1,"name":"Inici","item":"https:\/\/vinselcep.com\/es\/"},{"@type":"ListItem","position":2,"name":"Colecci\u00f3n"}]},{"@type":"WebSite","@id":"https:\/\/vinselcep.com\/es\/#website","url":"https:\/\/vinselcep.com\/es\/","name":"Vins el Cep","description":"Viticultors des de 1448","publisher":{"@id":"https:\/\/vinselcep.com\/es\/#organization"},"potentialAction":[{"@type":"SearchAction","target":{"@type":"EntryPoint","urlTemplate":"https:\/\/vinselcep.com\/es\/?s={search_term_string}"},"query-input":{"@type":"PropertyValueSpecification","valueRequired":true,"valueName":"search_term_string"}}],"inLanguage":"es"},{"@type":"Organization","@id":"https:\/\/vinselcep.com\/es\/#organization","name":"Vins el Cep","url":"https:\/\/vinselcep.com\/es\/","logo":{"@type":"ImageObject","inLanguage":"es","@id":"https:\/\/vinselcep.com\/es\/#\/schema\/logo\/image\/","url":"https:\/\/vinselcep.com\/wp-content\/uploads\/2020\/11\/logo-vinselcep-positiu.png","contentUrl":"https:\/\/vinselcep.com\/wp-content\/uploads\/2020\/11\/logo-vinselcep-positiu.png","width":600,"height":379,"caption":"Vins el Cep"},"image":{"@id":"https:\/\/vinselcep.com\/es\/#\/schema\/logo\/image\/"},"sameAs":["https:\/\/ca-es.facebook.com\/VinselCep\/","https:\/\/x.com\/vinselcep","https:\/\/www.instagram.com\/vinselcep\/"]}]}},"_links":{"self":[{"href":"https:\/\/vinselcep.com\/es\/wp-json\/wp\/v2\/pages\/12911","targetHints":{"allow":["GET"]}}],"collection":[{"href":"https:\/\/vinselcep.com\/es\/wp-json\/wp\/v2\/pages"}],"about":[{"href":"https:\/\/vinselcep.com\/es\/wp-json\/wp\/v2\/types\/page"}],"author":[{"embeddable":true,"href":"https:\/\/vinselcep.com\/es\/wp-json\/wp\/v2\/users\/2"}],"replies":[{"embeddable":true,"href":"https:\/\/vinselcep.com\/es\/wp-json\/wp\/v2\/comments?post=12911"}],"version-history":[{"count":0,"href":"https:\/\/vinselcep.com\/es\/wp-json\/wp\/v2\/pages\/12911\/revisions"}],"wp:attachment":[{"href":"https:\/\/vinselcep.com\/es\/wp-json\/wp\/v2\/media?parent=12911"}],"curies":[{"name":"wp","href":"https:\/\/api.w.org\/{rel}","templated":true}]}}